{"id":48874,"date":"2023-03-15T16:15:06","date_gmt":"2023-03-15T15:15:06","guid":{"rendered":"https:\/\/nexointeriores.com\/?post_type=product&#038;p=48874"},"modified":"2024-02-27T12:46:56","modified_gmt":"2024-02-27T11:46:56","slug":"credence-cuisine-or","status":"publish","type":"product","link":"https:\/\/nexointeriores.com\/fr\/produit\/credence-cuisine-or\/","title":{"rendered":"Cr\u00e9dence cuisine Or"},"content":{"rendered":"<p>[et_pb_section fb_built=&#8221;1&#8243; module_id=&#8221;ecommerce-custom-header&#8221; _builder_version=&#8221;4.16&#8243; custom_margin=&#8221;||86px|||&#8221; global_colors_info=&#8221;{}&#8221;][et_pb_row _builder_version=&#8221;4.16&#8243; global_colors_info=&#8221;{}&#8221;][et_pb_column type=&#8221;4_4&#8243; _builder_version=&#8221;4.16&#8243; global_colors_info=&#8221;{}&#8221;][et_pb_wc_title _builder_version=&#8221;4.17.4&#8243; header_level=&#8221;h6&#8243; header_font=&#8221;||||||||&#8221; header_text_align=&#8221;center&#8221; header_text_color=&#8221;#000000&#8243; header_font_size=&#8221;26px&#8221; custom_margin=&#8221;||10px||false|false&#8221; global_colors_info=&#8221;{}&#8221;][\/et_pb_wc_title][et_pb_wc_breadcrumb _builder_version=&#8221;4.16&#8243; text_orientation=&#8221;center&#8221; global_colors_info=&#8221;{}&#8221;][\/et_pb_wc_breadcrumb][\/et_pb_column][\/et_pb_row][\/et_pb_section][et_pb_section fb_built=&#8221;1&#8243; _builder_version=&#8221;4.18.0&#8243; custom_padding=&#8221;0px||0px||false|false&#8221; custom_css_main_element=&#8221;margin:0;&#8221; global_colors_info=&#8221;{}&#8221;][et_pb_row _builder_version=&#8221;4.17.4&#8243; width=&#8221;90%&#8221; max_width=&#8221;100%&#8221; custom_padding=&#8221;0px||0px|||&#8221; global_colors_info=&#8221;{}&#8221;][et_pb_column type=&#8221;4_4&#8243; _builder_version=&#8221;4.16&#8243; global_colors_info=&#8221;{}&#8221;][et_pb_wc_cart_notice _builder_version=&#8221;4.17.4&#8243; width=&#8221;71%&#8221; global_colors_info=&#8221;{}&#8221;][\/et_pb_wc_cart_notice][\/et_pb_column][\/et_pb_row][et_pb_row column_structure=&#8221;1_2,1_2&#8243; use_custom_gutter=&#8221;on&#8221; gutter_width=&#8221;4&#8243; make_equal=&#8221;on&#8221; _builder_version=&#8221;4.17.4&#8243; width=&#8221;90%&#8221; max_width=&#8221;100%&#8221; custom_padding=&#8221;||||false|false&#8221; global_colors_info=&#8221;{}&#8221;][et_pb_column type=&#8221;1_2&#8243; _builder_version=&#8221;4.17.4&#8243; custom_padding=&#8221;|2%|||false|false&#8221; global_colors_info=&#8221;{}&#8221;][et_pb_wc_images show_sale_badge=&#8221;off&#8221; _builder_version=&#8221;4.17.4&#8243; custom_padding=&#8221;|0px||||&#8221; hover_transition_duration=&#8221;0ms&#8221; border_width_all_image=&#8221;2px&#8221; border_color_all_image=&#8221;#b7cec4&#8243; global_colors_info=&#8221;{}&#8221;][\/et_pb_wc_images][\/et_pb_column][et_pb_column type=&#8221;1_2&#8243; _builder_version=&#8221;4.17.4&#8243; custom_padding=&#8221;|||2%|false|false&#8221; global_colors_info=&#8221;{}&#8221;][et_pb_wc_title _builder_version=&#8221;4.18.0&#8243; header_font=&#8221;|300|||||||&#8221; header_text_align=&#8221;left&#8221; custom_margin=&#8221;||27px|||&#8221; global_colors_info=&#8221;{}&#8221;][\/et_pb_wc_title][et_pb_wc_description _builder_version=&#8221;4.18.0&#8243; _module_preset=&#8221;default&#8221; body_font=&#8221;|300|||||||&#8221; width=&#8221;100%&#8221; custom_margin=&#8221;||25px||false|false&#8221; global_colors_info=&#8221;{}&#8221;][\/et_pb_wc_description][et_pb_text disabled_on=&#8221;off|off|off&#8221; _builder_version=&#8221;4.19.5&#8243; _module_preset=&#8221;default&#8221; width=&#8221;100%&#8221; global_colors_info=&#8221;{}&#8221;]<\/p>\n<p><strong>Panneaux en aluminium avec finition m\u00e9tallique<\/strong><\/p>\n<p>+ Haute r\u00e9sistence et durabilit\u00e9<br \/>+ Facile \u00e0 installer et \u00e0 nettoyer<br \/>+ Hypoallerg\u00e9nique<br \/>+ Adapt\u00e9 pour l\u2019ext\u00e9rieur<br \/>+ Imperm\u00e9able<br \/>+ R\u00e9sistant aux t\u00e2ches<br \/>+ Haute r\u00e9sistance \u00e0 la chaleur<br \/>+ Non adapt\u00e9 aux gazini\u00e8res<br \/>+ Epaisseur 3 mm<\/p>\n<p>[\/et_pb_text][et_pb_wc_price _builder_version=&#8221;4.17.4&#8243; body_font=&#8221;|300|||||||&#8221; body_text_color=&#8221;#000000&#8243; body_font_size=&#8221;20px&#8221; text_orientation=&#8221;left&#8221; custom_margin=&#8221;||20px|||&#8221; global_colors_info=&#8221;{}&#8221;][\/et_pb_wc_price][et_pb_wc_add_to_cart field_label_position=&#8221;inline&#8221; _builder_version=&#8221;4.18.0&#8243; fields_custom_padding=&#8221;||||false|false&#8221; dropdown_menus_background_color=&#8221;RGBA(255,255,255,0)&#8221; field_label_font=&#8221;||||||||&#8221; field_label_text_color=&#8221;#000000&#8243; dropdown_menus_font_size=&#8221;13px&#8221; custom_button=&#8221;on&#8221; button_bg_color=&#8221;#b7cec4&#8243; button_border_width=&#8221;0px&#8221; button_use_icon=&#8221;off&#8221; width=&#8221;100%&#8221; custom_margin=&#8221;||21px|||&#8221; border_width_all_fields=&#8221;1px&#8221; border_color_all_fields=&#8221;#dddddd&#8221; border_width_all_dropdown_menus=&#8221;1px&#8221; border_color_all_dropdown_menus=&#8221;#e2e2e2&#8243; global_colors_info=&#8221;{}&#8221; button_bg_color__hover_enabled=&#8221;on|hover&#8221; button_bg_color__hover=&#8221;#6da379&#8243; button_bg_enable_color__hover=&#8221;on&#8221;][\/et_pb_wc_add_to_cart][et_pb_text _builder_version=&#8221;4.17.6&#8243; _module_preset=&#8221;default&#8221; text_text_color=&#8221;#8c8c8c&#8221; text_font_size=&#8221;11px&#8221; width=&#8221;70%&#8221; global_colors_info=&#8221;{}&#8221;]<\/p>\n<p>* Il peut y avoir des variations de couleur entre le produit final et les images \u00e0 l\u2019\u00e9cran, les mesures peuvent \u00eatre modifi\u00e9es en fonction du mod\u00e8le choisi.<\/p>\n<p>[\/et_pb_text][\/et_pb_column][\/et_pb_row][et_pb_row _builder_version=&#8221;4.18.0&#8243; _module_preset=&#8221;default&#8221; width=&#8221;90.2%&#8221; locked=&#8221;off&#8221; global_colors_info=&#8221;{}&#8221;][et_pb_column type=&#8221;4_4&#8243; _builder_version=&#8221;4.18.0&#8243; _module_preset=&#8221;default&#8221; global_colors_info=&#8221;{}&#8221;][et_pb_text disabled_on=&#8221;on|off|off&#8221; _builder_version=&#8221;4.19.5&#8243; _module_preset=&#8221;default&#8221; width=&#8221;100%&#8221; global_colors_info=&#8221;{}&#8221;]<\/p>\n<table class=\"tabla_iconos\" style=\"width: 100%;\">\n<tbody style=\"text-align: center;\">\n<tr style=\"text-align: center;\">\n<td><img decoding=\"async\" class=\"alignnone size-full wp-image-12705\" src=\"https:\/\/nexointeriores.com\/wp-content\/uploads\/2022\/06\/resistente-a-roturas-icono-nexo.png\" alt=\"\" width=\"90\" height=\"90\" title=\"\"><\/td>\n<td><img decoding=\"async\" class=\"alignnone size-full wp-image-12696\" src=\"https:\/\/nexointeriores.com\/wp-content\/uploads\/2022\/06\/hipoalergenico-icono-nexo.png\" alt=\"\" width=\"89\" height=\"90\" title=\"\"><\/td>\n<td><img decoding=\"async\" class=\"alignnone size-full wp-image-12698\" src=\"https:\/\/nexointeriores.com\/wp-content\/uploads\/2022\/06\/espesor-nexo-copia.png\" alt=\"\" width=\"90\" height=\"89\" title=\"\"><\/td>\n<td><img decoding=\"async\" class=\"alignnone size-full wp-image-12701\" src=\"https:\/\/nexointeriores.com\/wp-content\/uploads\/2022\/06\/apto-para-exterior-icono-nexo.png\" alt=\"\" width=\"89\" height=\"89\" title=\"\"><\/td>\n<td><img decoding=\"async\" class=\"alignnone size-full wp-image-12699\" src=\"https:\/\/nexointeriores.com\/wp-content\/uploads\/2022\/06\/alta-resistencia-y-durabilidad-icono-nexo.png\" alt=\"\" width=\"89\" height=\"89\" title=\"\"><\/td>\n<td><img decoding=\"async\" class=\"alignnone size-full wp-image-12712\" src=\"https:\/\/nexointeriores.com\/wp-content\/uploads\/2022\/06\/anti-manchas-icono-nexo.png\" alt=\"\" width=\"90\" height=\"89\" title=\"\"><\/td>\n<td><img decoding=\"async\" class=\"alignnone size-full wp-image-12718\" src=\"https:\/\/nexointeriores.com\/wp-content\/uploads\/2022\/06\/impermeable-icono-nexo.png\" alt=\"\" width=\"90\" height=\"89\" title=\"\"><\/td>\n<td><img decoding=\"async\" class=\"alignnone size-full wp-image-12716\" src=\"https:\/\/nexointeriores.com\/wp-content\/uploads\/2022\/06\/diseno-origunal-y-calidad-HD-icono-nexo.png\" alt=\"\" width=\"90\" height=\"89\" title=\"\"><\/td>\n<td><img decoding=\"async\" class=\"alignnone size-full wp-image-12715\" src=\"https:\/\/nexointeriores.com\/wp-content\/uploads\/2022\/06\/listo-para-colocar-icono-nexo.png\" alt=\"\" width=\"90\" height=\"89\" title=\"\"><\/td>\n<\/tr>\n<tr style=\"text-align: center;\">\n<td>R\u00e9sistant<br \/>aux d\u00e9chirures<\/td>\n<td>Hypoallerg\u00e9nique<\/td>\n<td>Epaisseur<br \/>3 mm<\/td>\n<td>Adapt\u00e9 pour<br \/>l\u2019ext\u00e9rieur<\/td>\n<td>Haute r\u00e9sistence<br \/>et durabilit\u00e9<\/td>\n<td>R\u00e9sistant aux<br \/>t\u00e2ches<\/td>\n<td>Imperm\u00e9able<\/td>\n<td>design original<br \/>et qualit\u00e9 HD<\/td>\n<td>Pr\u00eat \u00e0 \u00eatre<br \/>install\u00e9<\/td>\n<\/tr>\n<tr>\n<td style=\"padding: 15px !important;\"> <\/td>\n<\/tr>\n<tr style=\"height: 97px;\">\n<td><img decoding=\"async\" class=\"alignnone size-full wp-image-12719\" src=\"https:\/\/nexointeriores.com\/wp-content\/uploads\/2022\/06\/alta-resistencia-al-calor-icono-nexo.png\" alt=\"\" width=\"90\" height=\"90\" title=\"\"><\/td>\n<td><img decoding=\"async\" class=\"alignnone size-full wp-image-12713\" src=\"https:\/\/nexointeriores.com\/wp-content\/uploads\/2022\/06\/facil-limpieza-icono-nexo.png\" alt=\"\" width=\"90\" height=\"89\" title=\"\"><\/td>\n<td><img decoding=\"async\" class=\"alignnone size-full wp-image-12713\" src=\"https:\/\/nexointeriores.com\/wp-content\/uploads\/.\/cocina-de-gas-no-icono-nexo.png\" alt=\"\" width=\"90\" height=\"89\" title=\"\"><\/td>\n<\/tr>\n<tr style=\"text-align: center;\">\n<td>Haute r\u00e9sistence<br \/>\u00e0 la chaleur<\/td>\n<td>Facile \u00e0<br \/>nettoyer<\/td>\n<td> Non adapt\u00e9<br \/>aux gazini\u00e8res<\/td>\n<\/tr>\n<\/tbody>\n<\/table>\n<p>[\/et_pb_text][et_pb_text disabled_on=&#8221;off|on|on&#8221; _builder_version=&#8221;4.19.5&#8243; _module_preset=&#8221;default&#8221; width=&#8221;100%&#8221; global_colors_info=&#8221;{}&#8221;]<\/p>\n<table class=\"tabla_iconos\" style=\"width: 100%;\">\n<tbody style=\"text-align: center;\">\n<tr style=\"height: 97px;\">\n<td style=\"height: 97px; width: 48.1809%;\"><img decoding=\"async\" class=\"alignnone size-full wp-image-12705\" src=\"https:\/\/nexointeriores.com\/wp-content\/uploads\/2022\/06\/resistente-a-roturas-icono-nexo.png\" alt=\"\" width=\"90\" height=\"90\" title=\"\"><\/td>\n<td style=\"height: 97px; width: 51.0324%;\"><img decoding=\"async\" class=\"alignnone size-full wp-image-12696\" src=\"https:\/\/nexointeriores.com\/wp-content\/uploads\/2022\/06\/hipoalergenico-icono-nexo.png\" alt=\"\" width=\"89\" height=\"90\" title=\"\"><\/td>\n<\/tr>\n<tr style=\"text-align: center;\">\n<td style=\"height: 47px; width: 48.1809%;\">R\u00e9sistant <br \/>aux d\u00e9chirures<\/td>\n<td style=\"height: 47px; width: 51.0324%;\">Hypoallerg\u00e9nique<\/td>\n<\/tr>\n<tr style=\"height: 96px;\">\n<td style=\"height: 96px; width: 48.1809%;\"><img decoding=\"async\" class=\"alignnone size-full wp-image-12698\" src=\"https:\/\/nexointeriores.com\/wp-content\/uploads\/2022\/06\/espesor-nexo-copia.png\" alt=\"\" width=\"90\" height=\"89\" title=\"\"><\/td>\n<td style=\"height: 96px; width: 51.0324%;\"><img decoding=\"async\" class=\"alignnone size-full wp-image-12701\" src=\"https:\/\/nexointeriores.com\/wp-content\/uploads\/2022\/06\/apto-para-exterior-icono-nexo.png\" alt=\"\" width=\"89\" height=\"89\" title=\"\"><\/td>\n<\/tr>\n<tr style=\"height: 47px;\">\n<td style=\"height: 47px; width: 48.1809%;\">Epaisseur <br \/>3 mm<\/td>\n<td style=\"height: 47px; width: 51.0324%;\">Adapt\u00e9 pour <br \/>l\u2019ext\u00e9rieur<\/td>\n<\/tr>\n<tr style=\"height: 96px;\">\n<td style=\"height: 96px; width: 48.1809%;\"><img decoding=\"async\" class=\"alignnone size-full wp-image-12699\" src=\"https:\/\/nexointeriores.com\/wp-content\/uploads\/2022\/06\/alta-resistencia-y-durabilidad-icono-nexo.png\" alt=\"\" width=\"89\" height=\"89\" title=\"\"><\/td>\n<td style=\"height: 96px; width: 51.0324%;\"><img decoding=\"async\" class=\"alignnone size-full wp-image-12712\" src=\"https:\/\/nexointeriores.com\/wp-content\/uploads\/2022\/06\/anti-manchas-icono-nexo.png\" alt=\"\" width=\"90\" height=\"89\" title=\"\"><\/td>\n<\/tr>\n<tr style=\"height: 47px;\">\n<td style=\"height: 47px; width: 48.1809%;\">Haute r\u00e9sistence <br \/>et durabilit\u00e9<\/td>\n<td style=\"height: 47px; width: 51.0324%;\">R\u00e9sistant <br \/>aux t\u00e2ches<\/td>\n<\/tr>\n<tr style=\"height: 96px;\">\n<td style=\"height: 96px; width: 48.1809%;\"><img decoding=\"async\" class=\"alignnone size-full wp-image-12718\" src=\"https:\/\/nexointeriores.com\/wp-content\/uploads\/2022\/06\/impermeable-icono-nexo.png\" alt=\"\" width=\"90\" height=\"89\" title=\"\"><\/td>\n<td style=\"height: 96px; width: 51.0324%;\"><img decoding=\"async\" class=\"alignnone size-full wp-image-12716\" src=\"https:\/\/nexointeriores.com\/wp-content\/uploads\/2022\/06\/diseno-origunal-y-calidad-HD-icono-nexo.png\" alt=\"\" width=\"90\" height=\"89\" title=\"\"><\/td>\n<\/tr>\n<tr style=\"height: 47px;\">\n<td style=\"height: 47px; width: 48.1809%;\">Imperm\u00e9able<\/td>\n<td style=\"height: 47px; width: 51.0324%;\">Design original <br \/>et qualit\u00e9 HD<\/td>\n<\/tr>\n<tr style=\"height: 97px;\">\n<td style=\"height: 97px; width: 48.1809%;\"><img decoding=\"async\" class=\"alignnone size-full wp-image-12715\" src=\"https:\/\/nexointeriores.com\/wp-content\/uploads\/2022\/06\/listo-para-colocar-icono-nexo.png\" alt=\"\" width=\"90\" height=\"89\" title=\"\"><\/td>\n<td style=\"height: 97px; width: 51.0324%;\"><img decoding=\"async\" class=\"alignnone size-full wp-image-12719\" src=\"https:\/\/nexointeriores.com\/wp-content\/uploads\/2022\/06\/alta-resistencia-al-calor-icono-nexo.png\" alt=\"\" width=\"90\" height=\"90\" title=\"\"><\/td>\n<\/tr>\n<tr style=\"height: 47px;\">\n<td style=\"height: 47px; width: 48.1809%;\">Pr\u00eat \u00e0 \u00eatre <br \/>install\u00e9<\/td>\n<td style=\"height: 47px; width: 51.0324%;\">Haute r\u00e9sistence<br \/>\u00e0 la chaleur<\/td>\n<\/tr>\n<tr style=\"height: 96px;\">\n<td style=\"height: 96px; width: 48.1809%;\"><img decoding=\"async\" class=\"alignnone size-full wp-image-12713\" src=\"https:\/\/nexointeriores.com\/wp-content\/uploads\/2022\/06\/facil-limpieza-icono-nexo.png\" alt=\"\" width=\"90\" height=\"89\" title=\"\"><\/td>\n<td style=\"height: 96px; width: 51.0324%;\"><img decoding=\"async\" class=\"alignnone size-full wp-image-12707\" src=\"https:\/\/nexointeriores.com\/wp-content\/uploads\/2022\/06\/laminado-de-proteccion-icono-nexo.png\" alt=\"\" width=\"90\" height=\"89\" title=\"\"><\/td>\n<\/tr>\n<tr style=\"height: 47px;\">\n<td style=\"height: 47px; width: 48.1809%;\">Facile \u00e0<br \/>nettoyer<\/td>\n<td style=\"height: 47px; width: 51.0324%;\">Vernis de <br \/>protection<\/td>\n<\/tr>\n<tr style=\"height: 96px;\">\n<td style=\"height: 96px; width: 48.1809%;\"><img decoding=\"async\" class=\"alignnone size-full wp-image-12713\" src=\"https:\/\/nexointeriores.com\/wp-content\/uploads\/.\/cocina-de-gas-no-icono-nexo.png\" alt=\"\" width=\"90\" height=\"89\" title=\"\"><\/td>\n<td style=\"height: 96px; width: 51.0324%;\">\u00a0<\/td>\n<\/tr>\n<tr style=\"height: 47px;\">\n<td style=\"height: 47px; width: 48.1809%;\">Non adapt\u00e9 <br \/>aux gazini\u00e8res<\/td>\n<td style=\"height: 47px; width: 51.0324%;\">\u00a0<\/td>\n<\/tr>\n<\/tbody>\n<\/table>\n<p>[\/et_pb_text][\/et_pb_column][\/et_pb_row][\/et_pb_section][et_pb_section fb_built=&#8221;1&#8243; _builder_version=&#8221;4.18.0&#8243; _module_preset=&#8221;default&#8221; background_color=&#8221;#f3ece3&#8243; custom_padding=&#8221;0px|||||&#8221; global_colors_info=&#8221;{}&#8221;][et_pb_row _builder_version=&#8221;4.18.0&#8243; _module_preset=&#8221;default&#8221; width=&#8221;91.1%&#8221; global_colors_info=&#8221;{}&#8221;][et_pb_column type=&#8221;4_4&#8243; _builder_version=&#8221;4.18.0&#8243; _module_preset=&#8221;default&#8221; global_colors_info=&#8221;{}&#8221;][et_pb_wc_description description_type=&#8221;description&#8221; _builder_version=&#8221;4.19.5&#8243; _module_preset=&#8221;default&#8221; width=&#8221;99.8%&#8221; min_height=&#8221;192.1px&#8221; custom_margin=&#8221;|||1px||&#8221; global_colors_info=&#8221;{}&#8221;][\/et_pb_wc_description][\/et_pb_column][\/et_pb_row][et_pb_row _builder_version=&#8221;4.18.0&#8243; _module_preset=&#8221;default&#8221; width=&#8221;90.7%&#8221; global_colors_info=&#8221;{}&#8221;][et_pb_column type=&#8221;4_4&#8243; _builder_version=&#8221;4.18.0&#8243; _module_preset=&#8221;default&#8221; global_colors_info=&#8221;{}&#8221;][et_pb_text _builder_version=&#8221;4.19.5&#8243; _module_preset=&#8221;default&#8221; width=&#8221;100%&#8221; custom_padding=&#8221;||0px|||&#8221; border_width_top=&#8221;1px&#8221; border_color_top=&#8221;#cecece&#8221; border_width_bottom=&#8221;2px&#8221; border_color_bottom=&#8221;#cecece&#8221; global_colors_info=&#8221;{}&#8221;]<\/p>\n<table>\n<tbody>\n<tr>\n<td style=\"text-align: center;\">Tailles<\/td>\n<td>1 Frise 1000 x 200 mm, Pack Cr\u00e9dence 600 x 700 mm + 2 Frisess, Pack Cr\u00e9dence 900 x 700 mm + 2 Frises, Cr\u00e9dence Cuisine 600 x 700 mm, Cr\u00e9dence Cuisine 900 x 700 mm<\/td>\n<\/tr>\n<\/tbody>\n<\/table>\n<p>[\/et_pb_text][\/et_pb_column][\/et_pb_row][et_pb_row column_structure=&#8221;1_2,1_2&#8243; _builder_version=&#8221;4.19.1&#8243; _module_preset=&#8221;default&#8221; global_colors_info=&#8221;{}&#8221;][et_pb_column type=&#8221;1_2&#8243; _builder_version=&#8221;4.19.1&#8243; _module_preset=&#8221;default&#8221; global_colors_info=&#8221;{}&#8221;][et_pb_text _builder_version=&#8221;4.19.5&#8243; _module_preset=&#8221;default&#8221; global_colors_info=&#8221;{}&#8221;]<\/p>\n<p><img decoding=\"async\" class=\"aligncenter wp-image-48891 size-full\" src=\"https:\/\/nexointeriores.com\/wp-content\/uploads\/Captura-3-2.png\" alt=\"\" width=\"750\" height=\"500\" title=\"\" srcset=\"https:\/\/nexointeriores.com\/wp-content\/uploads\/Captura-3-2.png 750w, https:\/\/nexointeriores.com\/wp-content\/uploads\/Captura-3-2-480x320.png 480w\" sizes=\"(min-width: 0px) and (max-width: 480px) 480px, (min-width: 481px) 750px, 100vw\" \/><\/p>\n<p>[\/et_pb_text][\/et_pb_column][et_pb_column type=&#8221;1_2&#8243; _builder_version=&#8221;4.19.1&#8243; _module_preset=&#8221;default&#8221; global_colors_info=&#8221;{}&#8221;][et_pb_text _builder_version=&#8221;4.19.5&#8243; _module_preset=&#8221;default&#8221; global_colors_info=&#8221;{}&#8221;]<\/p>\n<p><img decoding=\"async\" class=\"aligncenter wp-image-49385 size-full\" src=\"https:\/\/nexointeriores.com\/wp-content\/uploads\/Captura2.jpg\" alt=\"\" width=\"750\" height=\"500\" title=\"\" srcset=\"https:\/\/nexointeriores.com\/wp-content\/uploads\/Captura2.jpg 750w, https:\/\/nexointeriores.com\/wp-content\/uploads\/Captura2-480x320.jpg 480w\" sizes=\"(min-width: 0px) and (max-width: 480px) 480px, (min-width: 481px) 750px, 100vw\" \/><\/p>\n<p>[\/et_pb_text][\/et_pb_column][\/et_pb_row][\/et_pb_section][et_pb_section fb_built=&#8221;1&#8243; _builder_version=&#8221;4.18.0&#8243; _module_preset=&#8221;default&#8221; global_colors_info=&#8221;{}&#8221;][et_pb_row _builder_version=&#8221;4.18.0&#8243; _module_preset=&#8221;default&#8221; global_colors_info=&#8221;{}&#8221;][et_pb_column type=&#8221;4_4&#8243; _builder_version=&#8221;4.18.0&#8243; _module_preset=&#8221;default&#8221; global_colors_info=&#8221;{}&#8221;][et_pb_wc_related_products include_categories=&#8221;1015,373&#8243; _builder_version=&#8221;4.19.5&#8243; global_colors_info=&#8221;{}&#8221;][\/et_pb_wc_related_products][\/et_pb_column][\/et_pb_row][\/et_pb_section]<\/p>\n","protected":false},"excerpt":{"rendered":"<p><strong>La credence Or<\/strong> est tr\u00e8s facile \u00e0 monter gr\u00e2ce \u00e0 son support adh\u00e9sif. Gr\u00e2ce \u00e0 son mat\u00e9riau et \u00e0 son rev\u00eatement r\u00e9sistant \u00e0 l&#8217;eau ainsi qu&#8217;aux hautes temp\u00e9ratures, elle est tr\u00e8s facile \u00e0 entretenir. La cr\u00e9dence cuisine adh\u00e9sive Or est le choix parfait pour apporter une touche d&#8217;\u00e9l\u00e9gance et de sophistication \u00e0 votre cuisine.<\/p>\n","protected":false},"featured_media":51169,"template":"","meta":{"_et_pb_use_builder":"on","_et_pb_old_content":"<div class=\"dscProductL\">\n\n<strong>La cr\u00e9dence Or<\/strong> apportera un sentiment de luxe et de sophistication \u00e0 cet espace de votre maison d\u00e9di\u00e9 \u00e0 la cuisine. Sa finition brillante et son ton dor\u00e9 apporteront une touche de luxe \u00e0 l'espace de cuisson de votre maison. Il est facile \u00e0 installer gr\u00e2ce \u00e0 son support adh\u00e9sif. Cette cr\u00e9dence de cuisine est non seulement r\u00e9sistante \u00e0 l'eau et aux temp\u00e9ratures \u00e9lev\u00e9es, mais elle est \u00e9galement tr\u00e8s facile \u00e0 nettoyer, ce qui rend son entretien tr\u00e8s commode et pratique. Gr\u00e2ce \u00e0 ce protecteur, vous pouvez transformer votre cuisine en un lieu \u00e9l\u00e9gant et moderne en un clin d'\u0153il.\n\n<\/div>","_et_gb_content_width":""},"product_brand":[],"product_cat":[1020,607,608,626,627],"product_tag":[1029,1031,1030,1037,1032,1033],"class_list":{"0":"post-48874","1":"product","2":"type-product","3":"status-publish","4":"has-post-thumbnail","6":"product_cat-metallique","7":"product_cat-essential-fr","8":"product_cat-atmosphere-naturelle","9":"product_cat-credence-cuisine","10":"product_cat-produits-tendance-home","11":"product_tag-credence-adhesive","12":"product_tag-credence-cuisine","13":"product_tag-credence-de-cuisine","14":"product_tag-finition-doree","15":"product_tag-panneau-de-cuisine-metallique","16":"product_tag-produit-tendance","18":"first","19":"instock","20":"taxable","21":"shipping-taxable","22":"purchasable","23":"product-type-variable"},"_links":{"self":[{"href":"https:\/\/nexointeriores.com\/fr\/wp-json\/wp\/v2\/product\/48874","targetHints":{"allow":["GET"]}}],"collection":[{"href":"https:\/\/nexointeriores.com\/fr\/wp-json\/wp\/v2\/product"}],"about":[{"href":"https:\/\/nexointeriores.com\/fr\/wp-json\/wp\/v2\/types\/product"}],"wp:featuredmedia":[{"embeddable":true,"href":"https:\/\/nexointeriores.com\/fr\/wp-json\/wp\/v2\/media\/51169"}],"wp:attachment":[{"href":"https:\/\/nexointeriores.com\/fr\/wp-json\/wp\/v2\/media?parent=48874"}],"wp:term":[{"taxonomy":"product_brand","embeddable":true,"href":"https:\/\/nexointeriores.com\/fr\/wp-json\/wp\/v2\/product_brand?post=48874"},{"taxonomy":"product_cat","embeddable":true,"href":"https:\/\/nexointeriores.com\/fr\/wp-json\/wp\/v2\/product_cat?post=48874"},{"taxonomy":"product_tag","embeddable":true,"href":"https:\/\/nexointeriores.com\/fr\/wp-json\/wp\/v2\/product_tag?post=48874"}],"curies":[{"name":"wp","href":"https:\/\/api.w.org\/{rel}","templated":true}]}}