{"id":46551,"date":"2022-07-05T19:21:29","date_gmt":"2022-07-05T17:21:29","guid":{"rendered":"https:\/\/nexointeriores.com\/producto\/panneau-mural-adhesif-terrazo\/"},"modified":"2023-03-17T15:44:38","modified_gmt":"2023-03-17T14:44:38","slug":"panneau-mural-adhesif-terrazo","status":"publish","type":"product","link":"https:\/\/nexointeriores.com\/fr\/produit\/panneau-mural-adhesif-terrazo\/","title":{"rendered":"Panneau Mural de Douche Terrazo"},"content":{"rendered":"<p>[et_pb_section fb_built=&#8221;1&#8243; module_id=&#8221;ecommerce-custom-header&#8221; _builder_version=&#8221;4.16&#8243; custom_margin=&#8221;||86px|||&#8221; global_colors_info=&#8221;{}&#8221;][et_pb_row _builder_version=&#8221;4.16&#8243; global_colors_info=&#8221;{}&#8221;][et_pb_column type=&#8221;4_4&#8243; _builder_version=&#8221;4.16&#8243; global_colors_info=&#8221;{}&#8221;][et_pb_wc_title _builder_version=&#8221;4.17.4&#8243; header_level=&#8221;h6&#8243; header_font=&#8221;||||||||&#8221; header_text_align=&#8221;center&#8221; header_text_color=&#8221;#000000&#8243; header_font_size=&#8221;26px&#8221; custom_margin=&#8221;||10px||false|false&#8221; global_colors_info=&#8221;{}&#8221;][\/et_pb_wc_title][et_pb_wc_breadcrumb _builder_version=&#8221;4.16&#8243; text_orientation=&#8221;center&#8221; global_colors_info=&#8221;{}&#8221;][\/et_pb_wc_breadcrumb][\/et_pb_column][\/et_pb_row][\/et_pb_section][et_pb_section fb_built=&#8221;1&#8243; _builder_version=&#8221;4.18.0&#8243; custom_padding=&#8221;0px||0px||false|false&#8221; custom_css_main_element=&#8221;margin:0;&#8221; global_colors_info=&#8221;{}&#8221;][et_pb_row _builder_version=&#8221;4.17.4&#8243; width=&#8221;90%&#8221; max_width=&#8221;100%&#8221; custom_padding=&#8221;0px||0px|||&#8221; global_colors_info=&#8221;{}&#8221;][et_pb_column type=&#8221;4_4&#8243; _builder_version=&#8221;4.16&#8243; global_colors_info=&#8221;{}&#8221;][et_pb_wc_cart_notice _builder_version=&#8221;4.17.4&#8243; width=&#8221;71%&#8221; global_colors_info=&#8221;{}&#8221;][\/et_pb_wc_cart_notice][\/et_pb_column][\/et_pb_row][et_pb_row column_structure=&#8221;1_2,1_2&#8243; use_custom_gutter=&#8221;on&#8221; gutter_width=&#8221;4&#8243; make_equal=&#8221;on&#8221; _builder_version=&#8221;4.17.4&#8243; width=&#8221;90%&#8221; max_width=&#8221;100%&#8221; custom_padding=&#8221;||||false|false&#8221; global_colors_info=&#8221;{}&#8221;][et_pb_column type=&#8221;1_2&#8243; _builder_version=&#8221;4.17.4&#8243; custom_padding=&#8221;|2%|||false|false&#8221; global_colors_info=&#8221;{}&#8221;][et_pb_wc_images show_sale_badge=&#8221;off&#8221; _builder_version=&#8221;4.17.4&#8243; custom_padding=&#8221;|0px||||&#8221; hover_transition_duration=&#8221;0ms&#8221; border_width_all_image=&#8221;2px&#8221; border_color_all_image=&#8221;#b7cec4&#8243; global_colors_info=&#8221;{}&#8221;][\/et_pb_wc_images][\/et_pb_column][et_pb_column type=&#8221;1_2&#8243; _builder_version=&#8221;4.17.4&#8243; custom_padding=&#8221;|||2%|false|false&#8221; global_colors_info=&#8221;{}&#8221;][et_pb_wc_title _builder_version=&#8221;4.18.0&#8243; header_font=&#8221;|300|||||||&#8221; header_text_align=&#8221;left&#8221; custom_margin=&#8221;||27px|||&#8221; global_colors_info=&#8221;{}&#8221;][\/et_pb_wc_title][et_pb_wc_description _builder_version=&#8221;4.18.0&#8243; _module_preset=&#8221;default&#8221; body_font=&#8221;|300|||||||&#8221; width=&#8221;100%&#8221; custom_margin=&#8221;||25px||false|false&#8221; global_colors_info=&#8221;{}&#8221;][\/et_pb_wc_description][et_pb_text disabled_on=&#8221;off|off|off&#8221; _builder_version=&#8221;4.19.1&#8243; _module_preset=&#8221;default&#8221; width=&#8221;100%&#8221; global_colors_info=&#8221;{}&#8221;]<strong>Impression Forex UVI + lamin\u00e9 transparent+ (salle de bain)<\/strong><\/p>\n<p>+ Facile \u00e0 nettoyer<br \/>\n+ Facile \u00e0 installer<br \/>\n+ Imperm\u00e9able<br \/>\n+ R\u00e9sistant<br \/>\n+ Mat\u00e9riau l\u00e9ger lamin\u00e9 transparent<br \/>\n+ Pas de d\u00e9formation<br \/>\n+ Joint d&#8217;\u00e9tanch\u00e9it\u00e9 en silicone transparent<br \/>\n+ Ruban adh\u00e9sif double-face inclus[\/et_pb_text][et_pb_wc_price _builder_version=&#8221;4.17.4&#8243; body_font=&#8221;|300|||||||&#8221; body_text_color=&#8221;#000000&#8243; body_font_size=&#8221;20px&#8221; text_orientation=&#8221;left&#8221; custom_margin=&#8221;||20px|||&#8221; global_colors_info=&#8221;{}&#8221;][\/et_pb_wc_price][et_pb_wc_add_to_cart field_label_position=&#8221;inline&#8221; _builder_version=&#8221;4.18.0&#8243; fields_custom_padding=&#8221;||||false|false&#8221; dropdown_menus_background_color=&#8221;RGBA(255,255,255,0)&#8221; field_label_font=&#8221;||||||||&#8221; field_label_text_color=&#8221;#000000&#8243; dropdown_menus_font_size=&#8221;13px&#8221; custom_button=&#8221;on&#8221; button_bg_color=&#8221;#b7cec4&#8243; button_border_width=&#8221;0px&#8221; button_use_icon=&#8221;off&#8221; width=&#8221;100%&#8221; custom_margin=&#8221;||21px|||&#8221; border_width_all_fields=&#8221;1px&#8221; border_color_all_fields=&#8221;#dddddd&#8221; border_width_all_dropdown_menus=&#8221;1px&#8221; border_color_all_dropdown_menus=&#8221;#e2e2e2&#8243; global_colors_info=&#8221;{}&#8221; button_bg_color__hover_enabled=&#8221;on|hover&#8221; button_bg_color__hover=&#8221;#6da379&#8243; button_bg_enable_color__hover=&#8221;on&#8221;][\/et_pb_wc_add_to_cart][et_pb_text _builder_version=&#8221;4.17.6&#8243; _module_preset=&#8221;default&#8221; text_text_color=&#8221;#8c8c8c&#8221; text_font_size=&#8221;11px&#8221; width=&#8221;70%&#8221; global_colors_info=&#8221;{}&#8221;]<\/p>\n<p>* Il peut y avoir des variations de couleur entre le produit final et les images \u00e0 l\u2019\u00e9cran, les mesures peuvent \u00eatre modifi\u00e9es en fonction du mod\u00e8le choisi.<\/p>\n<p>[\/et_pb_text][\/et_pb_column][\/et_pb_row][et_pb_row _builder_version=&#8221;4.18.0&#8243; _module_preset=&#8221;default&#8221; width=&#8221;90.2%&#8221; global_colors_info=&#8221;{}&#8221;][et_pb_column type=&#8221;4_4&#8243; _builder_version=&#8221;4.18.0&#8243; _module_preset=&#8221;default&#8221; global_colors_info=&#8221;{}&#8221;][et_pb_text disabled_on=&#8221;on|off|off&#8221; _builder_version=&#8221;4.19.1&#8243; _module_preset=&#8221;default&#8221; width=&#8221;100%&#8221; global_colors_info=&#8221;{}&#8221;]<\/p>\n<table class=\"tabla_iconos\" style=\"width: 100%;\">\n<tbody style=\"text-align: center;\">\n<tr style=\"text-align: center;\">\n<td><img decoding=\"async\" class=\"alignnone size-full wp-image-12705\" src=\"https:\/\/nexointeriores.com\/wp-content\/uploads\/2022\/07\/cuter-icono-facil-cortar-nexo-interiores-1.png\" alt=\"\" width=\"90\" height=\"90\" title=\"\"><\/td>\n<td><img decoding=\"async\" class=\"alignnone size-full wp-image-12696\" src=\"https:\/\/nexointeriores.com\/wp-content\/uploads\/2022\/07\/impermeable-icono-nexo-1.png\" alt=\"\" width=\"89\" height=\"90\" title=\"\"><\/td>\n<td><img decoding=\"async\" class=\"alignnone size-full wp-image-12698\" src=\"https:\/\/nexointeriores.com\/wp-content\/uploads\/2022\/06\/hipoalergenico-icono-nexo.png\" alt=\"\" width=\"90\" height=\"89\" title=\"\"><\/td>\n<td><img decoding=\"async\" class=\"alignnone size-full wp-image-12701\" src=\"https:\/\/nexointeriores.com\/wp-content\/uploads\/2022\/06\/diseno-origunal-y-calidad-HD-icono-nexo-1.png\" alt=\"\" width=\"89\" height=\"89\" title=\"\"><\/td>\n<td><img decoding=\"async\" class=\"alignnone size-full wp-image-12699\" src=\"https:\/\/nexointeriores.com\/wp-content\/uploads\/2022\/06\/anti-manchas-icono-nexo-3.png\" alt=\"\" width=\"89\" height=\"89\" title=\"\"><\/td>\n<td><img decoding=\"async\" class=\"alignnone size-full wp-image-12712\" src=\"https:\/\/nexointeriores.com\/wp-content\/uploads\/2022\/06\/facil-limpieza-icono-nexo-1.png\" alt=\"\" width=\"90\" height=\"89\" title=\"\"><\/td>\n<td><img decoding=\"async\" class=\"alignnone size-full wp-image-12718\" src=\"https:\/\/nexointeriores.com\/wp-content\/uploads\/2022\/07\/listo-para-colocar-icono-nexo.png\" alt=\"\" width=\"90\" height=\"89\" title=\"\"><\/td>\n<\/tr>\n<tr style=\"text-align: center;\">\n<td>Facile \u00e0 couper<\/td>\n<td>Imperm\u00e9able<\/td>\n<td>Impression<br \/>\nen latex<\/td>\n<td>Design original et qualit\u00e9 HD\n<\/td>\n<td>R\u00e9sistant aux<br \/>\ntaches<\/td>\n<td>Facile \u00e0 nettoyer<\/td>\n<td>Pr\u00eat \u00e0 \u00eatre<br \/>\ninstall\u00e9<\/td>\n<\/tr>\n<\/tbody>\n<\/table>\n<p>[\/et_pb_text][et_pb_text disabled_on=&#8221;off|on|on&#8221; _builder_version=&#8221;4.19.1&#8243; _module_preset=&#8221;default&#8221; width=&#8221;100%&#8221; global_colors_info=&#8221;{}&#8221;]<\/p>\n<table class=\"tabla_iconos\" style=\"width: 100%;\">\n<tbody style=\"text-align: center;\">\n<tr style=\"height: 97px;\">\n<td><img decoding=\"async\" class=\"alignnone size-full wp-image-12705\" src=\"https:\/\/nexointeriores.com\/wp-content\/uploads\/2022\/07\/cuter-icono-facil-cortar-nexo-interiores-1.png\" alt=\"\" width=\"90\" height=\"90\" title=\"\"><\/td>\n<td><img decoding=\"async\" class=\"alignnone size-full wp-image-12696\" src=\"https:\/\/nexointeriores.com\/wp-content\/uploads\/2022\/07\/impermeable-icono-nexo-1.png\" alt=\"\" width=\"89\" height=\"90\" title=\"\"><\/td>\n<\/tr>\n<tr style=\"text-align: center;\">\n<td>Facile \u00e0 couper<\/td>\n<td>Imperm\u00e9able<\/td>\n<\/tr>\n<tr style=\"height: 96px;\">\n<td><img decoding=\"async\" class=\"alignnone size-full wp-image-12698\" src=\"https:\/\/nexointeriores.com\/wp-content\/uploads\/2022\/06\/hipoalergenico-icono-nexo.png\" alt=\"\" width=\"90\" height=\"89\" title=\"\"><\/td>\n<td><img decoding=\"async\" class=\"alignnone size-full wp-image-12701\" src=\"https:\/\/nexointeriores.com\/wp-content\/uploads\/2022\/06\/diseno-origunal-y-calidad-HD-icono-nexo-1.png\" alt=\"\" width=\"89\" height=\"89\" title=\"\"><\/td>\n<\/tr>\n<tr style=\"height: 47px;\">\n<td>Impression<br \/>\nen latex<\/td>\n<td>Design original et qualit\u00e9 HD\n<\/td>\n<\/tr>\n<tr style=\"height: 96px;\">\n<td><img decoding=\"async\" class=\"alignnone size-full wp-image-12699\" src=\"https:\/\/nexointeriores.com\/wp-content\/uploads\/2022\/06\/anti-manchas-icono-nexo-3.png\" alt=\"\" width=\"89\" height=\"89\" title=\"\"><\/td>\n<td><img decoding=\"async\" class=\"alignnone size-full wp-image-12712\" src=\"https:\/\/nexointeriores.com\/wp-content\/uploads\/2022\/06\/facil-limpieza-icono-nexo-1.png\" alt=\"\" width=\"90\" height=\"89\" title=\"\"><\/td>\n<\/tr>\n<tr style=\"height: 47px;\">\n<td>R\u00e9sistant aux<br \/>\ntaches<\/td>\n<td>Facile \u00e0 nettoyer<\/td>\n<\/tr>\n<tr style=\"height: 96px;\">\n<td><img decoding=\"async\" class=\"alignnone size-full wp-image-12718\" src=\"https:\/\/nexointeriores.com\/wp-content\/uploads\/2022\/07\/listo-para-colocar-icono-nexo.png\" alt=\"\" width=\"90\" height=\"89\" title=\"\"><\/td>\n<\/tr>\n<tr style=\"height: 47px;\">\n<td>Pr\u00eat \u00e0 \u00eatre<br \/>\ninstall\u00e9<\/td>\n<\/tr>\n<\/tbody>\n<\/table>\n<p>[\/et_pb_text][\/et_pb_column][\/et_pb_row][\/et_pb_section][et_pb_section fb_built=&#8221;1&#8243; _builder_version=&#8221;4.18.0&#8243; _module_preset=&#8221;default&#8221; background_color=&#8221;#f3ece3&#8243; custom_padding=&#8221;0px|||||&#8221; global_colors_info=&#8221;{}&#8221;][et_pb_row _builder_version=&#8221;4.18.0&#8243; _module_preset=&#8221;default&#8221; width=&#8221;91.1%&#8221; global_colors_info=&#8221;{}&#8221;][et_pb_column type=&#8221;4_4&#8243; _builder_version=&#8221;4.18.0&#8243; _module_preset=&#8221;default&#8221; global_colors_info=&#8221;{}&#8221;][et_pb_wc_description description_type=&#8221;description&#8221; _builder_version=&#8221;4.18.0&#8243; _module_preset=&#8221;default&#8221; width=&#8221;99.8%&#8221; min_height=&#8221;192.1px&#8221; custom_margin=&#8221;|||1px||&#8221; global_colors_info=&#8221;{}&#8221;][\/et_pb_wc_description][\/et_pb_column][\/et_pb_row][et_pb_row _builder_version=&#8221;4.18.0&#8243; _module_preset=&#8221;default&#8221; width=&#8221;90.7%&#8221; global_colors_info=&#8221;{}&#8221;][et_pb_column type=&#8221;4_4&#8243; _builder_version=&#8221;4.18.0&#8243; _module_preset=&#8221;default&#8221; global_colors_info=&#8221;{}&#8221;][et_pb_text _builder_version=&#8221;4.19.1&#8243; _module_preset=&#8221;default&#8221; width=&#8221;100%&#8221; custom_padding=&#8221;||0px|||&#8221; border_width_top=&#8221;1px&#8221; border_color_top=&#8221;#cecece&#8221; border_width_bottom=&#8221;2px&#8221; border_color_bottom=&#8221;#cecece&#8221; global_colors_info=&#8221;{}&#8221;]<\/p>\n<table>\n<tr>\n<td style=\"text-align: center\">Couleur<\/td>\n<td>\n<p>Bleu, Orange<\/td>\n<\/tr>\n<tr style=\"background: #eae5de\">\n<td style=\"text-align: center\">Tailles<\/td>\n<td>\n Pack 3 panneaux: 1000 x 1000 mm\n<\/td>\n<\/tr>\n<\/table>\n<p>[\/et_pb_text][\/et_pb_column][\/et_pb_row][et_pb_row _builder_version=&#8221;4.19.1&#8243; _module_preset=&#8221;default&#8221; global_colors_info=&#8221;{}&#8221;][et_pb_column type=&#8221;4_4&#8243; _builder_version=&#8221;4.19.1&#8243; _module_preset=&#8221;default&#8221; global_colors_info=&#8221;{}&#8221;][et_pb_image src=&#8221;https:\/\/nexointeriores.com\/wp-content\/uploads\/MONTAJE-MURAL-DECORATIVO-Cabecero-2.jpg&#8221; title_text=&#8221;Mural-paneles-para-ba\u00f1o-Ficha-de-montaje&#8221; align=&#8221;center&#8221; _builder_version=&#8221;4.19.1&#8243; _module_preset=&#8221;default&#8221; global_colors_info=&#8221;{}&#8221;][\/et_pb_image][\/et_pb_column][\/et_pb_row][\/et_pb_section][et_pb_section fb_built=&#8221;1&#8243; _builder_version=&#8221;4.18.0&#8243; _module_preset=&#8221;default&#8221; global_colors_info=&#8221;{}&#8221;][et_pb_row _builder_version=&#8221;4.18.0&#8243; _module_preset=&#8221;default&#8221; global_colors_info=&#8221;{}&#8221;][et_pb_column type=&#8221;4_4&#8243; _builder_version=&#8221;4.18.0&#8243; _module_preset=&#8221;default&#8221; global_colors_info=&#8221;{}&#8221;][et_pb_wc_related_products _builder_version=&#8221;4.16&#8243; global_colors_info=&#8221;{}&#8221;][\/et_pb_wc_related_products][\/et_pb_column][\/et_pb_row][\/et_pb_section]<\/p>\n","protected":false},"excerpt":{"rendered":"<p>Donnez de la clart\u00e9 et une touche de couleur \u00e0 votre maison un panneau mural deco. Sa l\u00e9g\u00e8ret\u00e9 les rend tr\u00e8s faciles \u00e0 placer, et son mat\u00e9riau permet la d\u00e9coupe, pour une meilleure adaptation.<\/p>\n","protected":false},"featured_media":32053,"template":"","meta":{"_et_pb_use_builder":"on","_et_pb_old_content":"<div class=\"dscProductL\">\n\nPanneau Mural de Douche \u2013 Terrazo Le terrazo, \u00e9galement connu sous le nom de rev\u00eatement de sol v\u00e9nitien, est n\u00e9 \u00e0 Venise au 15e si\u00e8cle. \u00c0 l'\u00e9poque, lors de la fabrication des sols en marbre, on utilisait des galets pour fabriquer le sol, qui \u00e9taient ensuite assembl\u00e9s avec des argiles et finalement utilis\u00e9s comme rev\u00eatement de sol. Plus tard, les argiles ont \u00e9t\u00e9 remplac\u00e9es par du ciment. En raison de sa brillance et de sa durabilit\u00e9, le terrazo est finalement devenu le rev\u00eatement de sol traditionnel des palais et des maisons italiennes, Le terrazzo, une tendance qui fait un retour en force sans perdre son essence.\n\nLeur l\u00e9g\u00e8ret\u00e9 les rend tr\u00e8s faciles \u00e0 poser, et leur mat\u00e9riau permet de les d\u00e9couper presque sans effort pour s'adapter \u00e0 n'importe quel endroit de votre maison.\n\n<\/div>\n<div class=\"dscProductL\" style=\"text-align: center\">\n<div class=\"muestrasDescripcion\">\n\n<img class=\"alignnone size-full wp-image-24360\" src=\"https:\/\/nexointeriores.com\/wp-content\/uploads\/2022\/07\/MUESTRA-TERRAZO-NEXO.png\" alt=\"\" width=\"150\" height=\"204\">\n\n<\/div>\n<\/div>","_et_gb_content_width":""},"product_brand":[],"product_cat":[600,604,607,608,611,628],"product_tag":[],"class_list":{"0":"post-46551","1":"product","2":"type-product","3":"status-publish","4":"has-post-thumbnail","6":"product_cat-decoration-murale-fr","7":"product_cat-panneau-mural-de-douche","8":"product_cat-essential-fr","9":"product_cat-atmosphere-naturelle","10":"product_cat-terrazo-fr","11":"product_cat-tendance","13":"first","14":"instock","15":"taxable","16":"shipping-taxable","17":"purchasable","18":"product-type-variable"},"_links":{"self":[{"href":"https:\/\/nexointeriores.com\/fr\/wp-json\/wp\/v2\/product\/46551","targetHints":{"allow":["GET"]}}],"collection":[{"href":"https:\/\/nexointeriores.com\/fr\/wp-json\/wp\/v2\/product"}],"about":[{"href":"https:\/\/nexointeriores.com\/fr\/wp-json\/wp\/v2\/types\/product"}],"wp:featuredmedia":[{"embeddable":true,"href":"https:\/\/nexointeriores.com\/fr\/wp-json\/wp\/v2\/media\/32053"}],"wp:attachment":[{"href":"https:\/\/nexointeriores.com\/fr\/wp-json\/wp\/v2\/media?parent=46551"}],"wp:term":[{"taxonomy":"product_brand","embeddable":true,"href":"https:\/\/nexointeriores.com\/fr\/wp-json\/wp\/v2\/product_brand?post=46551"},{"taxonomy":"product_cat","embeddable":true,"href":"https:\/\/nexointeriores.com\/fr\/wp-json\/wp\/v2\/product_cat?post=46551"},{"taxonomy":"product_tag","embeddable":true,"href":"https:\/\/nexointeriores.com\/fr\/wp-json\/wp\/v2\/product_tag?post=46551"}],"curies":[{"name":"wp","href":"https:\/\/api.w.org\/{rel}","templated":true}]}}