{"id":46061,"date":"2022-06-20T16:12:42","date_gmt":"2022-06-20T14:12:42","guid":{"rendered":"https:\/\/nexointeriores.com\/producto\/tapis-vinyle-pvc-loures\/"},"modified":"2023-09-07T12:10:59","modified_gmt":"2023-09-07T10:10:59","slug":"tapis-vinyle-pvc-loures","status":"publish","type":"product","link":"https:\/\/nexointeriores.com\/fr\/produit\/tapis-vinyle-pvc-loures\/","title":{"rendered":"Tapis Vinyle PVC -Loures"},"content":{"rendered":"<p>[et_pb_section fb_built=&#8221;1&#8243; module_id=&#8221;ecommerce-custom-header&#8221; _builder_version=&#8221;4.16&#8243; custom_margin=&#8221;||86px|||&#8221; global_colors_info=&#8221;{}&#8221;][et_pb_row _builder_version=&#8221;4.16&#8243; global_colors_info=&#8221;{}&#8221;][et_pb_column type=&#8221;4_4&#8243; _builder_version=&#8221;4.16&#8243; global_colors_info=&#8221;{}&#8221;][et_pb_wc_title _builder_version=&#8221;4.17.4&#8243; header_level=&#8221;h6&#8243; header_font=&#8221;||||||||&#8221; header_text_align=&#8221;center&#8221; header_text_color=&#8221;#000000&#8243; header_font_size=&#8221;26px&#8221; custom_margin=&#8221;||10px||false|false&#8221; global_colors_info=&#8221;{}&#8221;][\/et_pb_wc_title][et_pb_wc_breadcrumb _builder_version=&#8221;4.16&#8243; text_orientation=&#8221;center&#8221; global_colors_info=&#8221;{}&#8221;][\/et_pb_wc_breadcrumb][\/et_pb_column][\/et_pb_row][\/et_pb_section][et_pb_section fb_built=&#8221;1&#8243; _builder_version=&#8221;4.18.0&#8243; custom_padding=&#8221;0px||0px||false|false&#8221; custom_css_main_element=&#8221;margin:0;&#8221; global_colors_info=&#8221;{}&#8221;][et_pb_row _builder_version=&#8221;4.17.4&#8243; width=&#8221;90%&#8221; max_width=&#8221;100%&#8221; custom_padding=&#8221;0px||0px|||&#8221; global_colors_info=&#8221;{}&#8221;][et_pb_column type=&#8221;4_4&#8243; _builder_version=&#8221;4.16&#8243; global_colors_info=&#8221;{}&#8221;][et_pb_wc_cart_notice _builder_version=&#8221;4.17.4&#8243; width=&#8221;71%&#8221; global_colors_info=&#8221;{}&#8221;][\/et_pb_wc_cart_notice][\/et_pb_column][\/et_pb_row][et_pb_row column_structure=&#8221;1_2,1_2&#8243; use_custom_gutter=&#8221;on&#8221; gutter_width=&#8221;4&#8243; make_equal=&#8221;on&#8221; _builder_version=&#8221;4.17.4&#8243; width=&#8221;90%&#8221; max_width=&#8221;100%&#8221; custom_padding=&#8221;||||false|false&#8221; global_colors_info=&#8221;{}&#8221;][et_pb_column type=&#8221;1_2&#8243; _builder_version=&#8221;4.17.4&#8243; custom_padding=&#8221;|2%|||false|false&#8221; global_colors_info=&#8221;{}&#8221;][et_pb_wc_images show_sale_badge=&#8221;off&#8221; _builder_version=&#8221;4.17.4&#8243; custom_padding=&#8221;|0px||||&#8221; hover_transition_duration=&#8221;0ms&#8221; border_width_all_image=&#8221;2px&#8221; border_color_all_image=&#8221;#b7cec4&#8243; global_colors_info=&#8221;{}&#8221;][\/et_pb_wc_images][\/et_pb_column][et_pb_column type=&#8221;1_2&#8243; _builder_version=&#8221;4.17.4&#8243; custom_padding=&#8221;|||2%|false|false&#8221; global_colors_info=&#8221;{}&#8221;][et_pb_wc_title _builder_version=&#8221;4.18.0&#8243; header_font=&#8221;|300|||||||&#8221; header_text_align=&#8221;left&#8221; custom_margin=&#8221;||27px|||&#8221; global_colors_info=&#8221;{}&#8221;][\/et_pb_wc_title][et_pb_wc_description _builder_version=&#8221;4.18.0&#8243; _module_preset=&#8221;default&#8221; body_font=&#8221;|300|||||||&#8221; width=&#8221;100%&#8221; custom_margin=&#8221;||25px||false|false&#8221; global_colors_info=&#8221;{}&#8221;][\/et_pb_wc_description][et_pb_text disabled_on=&#8221;on|off|off&#8221; _builder_version=&#8221;4.18.0&#8243; _module_preset=&#8221;default&#8221; width=&#8221;100%&#8221; global_colors_info=&#8221;{}&#8221;]<\/p>\n<table>\n<tbody>\n<tr>\n<td>\n<strong>Finition int\u00e9rieure<\/strong><\/p>\n<p>+ 85% de PVC souple et 15% de polyester<br \/>\n+ dos blanc<\/p>\n<p><strong>Finition ext\u00e9rieur<\/strong><\/p>\n<p>+ 85% de PVC souple et 15% de polyester<br \/>\n+ Couche sup\u00e9rieure stratifi\u00e9e antid\u00e9rapante<br \/>\n+ Dos noir\n<\/td>\n<td>\n<strong><br \/>Finition int\u00e9rieure et ext\u00e9rieur<\/strong><\/p>\n<p>+ Antid\u00e9rapant<br \/>\n+ Facile \u00e0 installer et \u00e0 nettoyer<br \/>\n+ Hypoallerg\u00e9nique<br \/>\n+ Adapt\u00e9s aux animaux<br \/>\n+ R\u00e9sistant<br \/>\n+ Rembourr\u00e9<br \/>\n+ Epaisseur 3 mm<br \/>\n+ Haute stabilit\u00e9 dimensionnelle<\/td>\n<\/tr>\n<\/tbody>\n<\/table>\n<\/td>\n<\/tr>\n<\/tbody>\n<\/table>\n<p>[\/et_pb_text][et_pb_text disabled_on=&#8221;off|on|on&#8221; _builder_version=&#8221;4.18.0&#8243; _module_preset=&#8221;default&#8221; width=&#8221;100%&#8221; min_height=&#8221;467.5px&#8221; global_colors_info=&#8221;{}&#8221;]<strong>Finition int\u00e9rieure<\/strong><\/p>\n<p>+ 85% de PVC souple et 15% de polyester<br \/>\n+ dos blanc<\/p>\n<p><strong>Finition ext\u00e9rieur<\/strong><\/p>\n<p>+ 85% de PVC souple et 15% de polyester<br \/>\n+ Couche sup\u00e9rieure stratifi\u00e9e antid\u00e9rapante<br \/>\n+ Dos noir<\/p>\n<p><strong>Finition int\u00e9rieure et ext\u00e9rieur<\/strong><\/p>\n<p>+ Antid\u00e9rapant<br \/>\n+ Facile \u00e0 installer et \u00e0 nettoyer<br \/>\n+ Hypoallerg\u00e9nique<br \/>\n+ Adapt\u00e9s aux animaux<br \/>\n+ R\u00e9sistant<br \/>\n+ Rembourr\u00e9<br \/>\n+ Epaisseur 3 mm<br \/>\n+ Haute stabilit\u00e9 dimensionnelle[\/et_pb_text][et_pb_wc_price _builder_version=&#8221;4.17.4&#8243; body_font=&#8221;|300|||||||&#8221; body_text_color=&#8221;#000000&#8243; body_font_size=&#8221;20px&#8221; text_orientation=&#8221;left&#8221; custom_margin=&#8221;||20px|||&#8221; global_colors_info=&#8221;{}&#8221;][\/et_pb_wc_price][et_pb_wc_add_to_cart field_label_position=&#8221;inline&#8221; _builder_version=&#8221;4.18.0&#8243; fields_custom_padding=&#8221;||||false|false&#8221; dropdown_menus_background_color=&#8221;RGBA(255,255,255,0)&#8221; field_label_font=&#8221;||||||||&#8221; field_label_text_color=&#8221;#000000&#8243; dropdown_menus_font_size=&#8221;13px&#8221; custom_button=&#8221;on&#8221; button_bg_color=&#8221;#b7cec4&#8243; button_border_width=&#8221;0px&#8221; button_use_icon=&#8221;off&#8221; width=&#8221;100%&#8221; custom_margin=&#8221;||21px|||&#8221; border_width_all_fields=&#8221;1px&#8221; border_color_all_fields=&#8221;#dddddd&#8221; border_width_all_dropdown_menus=&#8221;1px&#8221; border_color_all_dropdown_menus=&#8221;#e2e2e2&#8243; global_colors_info=&#8221;{}&#8221; button_bg_color__hover_enabled=&#8221;on|hover&#8221; button_bg_color__hover=&#8221;#6da379&#8243; button_bg_enable_color__hover=&#8221;on&#8221;][\/et_pb_wc_add_to_cart][et_pb_button button_text=&#8221;GUIDE DES TAILLES&#8221; button_alignment=&#8221;left&#8221; disabled_on=&#8221;off|off|off&#8221; module_class=&#8221;GuiaTamanios&#8221; _builder_version=&#8221;4.17.4&#8243; _module_preset=&#8221;default&#8221; custom_button=&#8221;on&#8221; button_text_size=&#8221;12px&#8221; button_use_icon=&#8221;off&#8221; position_origin_a=&#8221;center_center&#8221; display_conditions=&#8221;W10=&#8221; custom_margin=&#8221;||30px||false|false&#8221; global_colors_info=&#8221;{}&#8221;][\/et_pb_button][et_pb_text _builder_version=&#8221;4.17.6&#8243; _module_preset=&#8221;default&#8221; text_text_color=&#8221;#8c8c8c&#8221; text_font_size=&#8221;11px&#8221; width=&#8221;70%&#8221; global_colors_info=&#8221;{}&#8221;]<\/p>\n<p>* Il peut y avoir des variations de couleur entre le produit final et les images \u00e0 l\u2019\u00e9cran, les mesures peuvent \u00eatre modifi\u00e9es en fonction du mod\u00e8le choisi.<\/p>\n<p>[\/et_pb_text][\/et_pb_column][\/et_pb_row][et_pb_row _builder_version=&#8221;4.18.0&#8243; _module_preset=&#8221;default&#8221; width=&#8221;90.2%&#8221; global_colors_info=&#8221;{}&#8221;][et_pb_column type=&#8221;4_4&#8243; _builder_version=&#8221;4.18.0&#8243; _module_preset=&#8221;default&#8221; global_colors_info=&#8221;{}&#8221;][et_pb_text disabled_on=&#8221;on|off|off&#8221; _builder_version=&#8221;4.19.1&#8243; _module_preset=&#8221;default&#8221; width=&#8221;100%&#8221; global_colors_info=&#8221;{}&#8221;]<\/p>\n<table class=\"tabla_iconos\" style=\"width: 100%;\">\n<tbody style=\"text-align: center;\">\n<tr style=\"text-align: center;\">\n<td><img decoding=\"async\" class=\"alignnone size-full wp-image-12705\" src=\"https:\/\/nexointeriores.com\/wp-content\/uploads\/2022\/06\/compatible-con-aspiradoras-icono-nexo-1.png\" alt=\"\" width=\"90\" height=\"90\" title=\"\"><\/td>\n<td><img decoding=\"async\" class=\"alignnone size-full wp-image-12696\" src=\"https:\/\/nexointeriores.com\/wp-content\/uploads\/2022\/06\/alta-resistencia-y-durabilidad-icono-nexo-1.png\" alt=\"\" width=\"89\" height=\"90\" title=\"\"><\/td>\n<td><img decoding=\"async\" class=\"alignnone size-full wp-image-12698\" src=\"https:\/\/nexointeriores.com\/wp-content\/uploads\/2022\/06\/anti-manchas-icono-nexo-3.png\" alt=\"\" width=\"90\" height=\"89\" title=\"\"><\/td>\n<td><img decoding=\"async\" class=\"alignnone size-full wp-image-12701\" src=\"https:\/\/nexointeriores.com\/wp-content\/uploads\/2022\/06\/apto-para-exterior-sombreado-icono-nexo.png\" alt=\"\" width=\"89\" height=\"89\" title=\"\"><\/td>\n<td><img decoding=\"async\" class=\"alignnone size-full wp-image-12699\" src=\"https:\/\/nexointeriores.com\/wp-content\/uploads\/2022\/06\/apto-mara-mascotas-icono-nexo.png\" alt=\"\" width=\"89\" height=\"89\" title=\"\"><\/td>\n<td><img decoding=\"async\" class=\"alignnone size-full wp-image-12712\" src=\"https:\/\/nexointeriores.com\/wp-content\/uploads\/2022\/06\/hipoalergenico-icono-nexo.png\" alt=\"\" width=\"90\" height=\"89\" title=\"\"><\/td>\n<td><img decoding=\"async\" class=\"alignnone size-full wp-image-12718\" src=\"https:\/\/nexointeriores.com\/wp-content\/uploads\/2022\/06\/resistene-al-fuego-icono-nexo.png\" alt=\"\" width=\"90\" height=\"89\" title=\"\"><\/td>\n<td><img decoding=\"async\" class=\"alignnone size-full wp-image-12716\" src=\"https:\/\/nexointeriores.com\/wp-content\/uploads\/2022\/06\/laminado-de-proteccion-icono-nexo.png\" alt=\"\" width=\"90\" height=\"89\" title=\"\"><\/td>\n<td><img decoding=\"async\" class=\"alignnone size-full wp-image-12715\" src=\"https:\/\/nexointeriores.com\/wp-content\/uploads\/2022\/06\/impresion-en-tinta-UVI-icono-nexo.png\" alt=\"\" width=\"90\" height=\"89\" title=\"\"><\/td>\n<\/tr>\n<tr style=\"text-align: center;\">\n<td>Compatible<br \/>\navec les aspirateurs<\/td>\n<td>Haute r\u00e9sistence<br \/>\net durabilit\u00e9<\/td>\n<td>R\u00e9sistant<br \/>\naux t\u00e2ches<\/td>\n<td>pour l&#8217;ombrage<br \/>\next\u00e9rieur<\/td>\n<td>Adapt\u00e9s aux<br \/>\nanimaux<\/td>\n<td>Hypoallerg\u00e9nique<\/td>\n<td>R\u00e9sistant<br \/>\nau feu<\/td>\n<td>Stratifi\u00e9 de<br \/>\nprotection<\/td>\n<td>Impression \u00e0<br \/>\nl\u2019encre UVI<\/td>\n<\/tr>\n<tr>\n<td style=\"padding: 15px !important;\"><\/td>\n<\/tr>\n<tr style=\"height: 97px;\">\n<td><img decoding=\"async\" class=\"alignnone size-full wp-image-12719\" src=\"https:\/\/nexointeriores.com\/wp-content\/uploads\/2022\/06\/resistente-a-roturas-icono-nexo.png\" alt=\"\" width=\"90\" height=\"90\" title=\"\"><\/td>\n<td><img decoding=\"async\" class=\"alignnone size-full wp-image-12713\" src=\"https:\/\/nexointeriores.com\/wp-content\/uploads\/2022\/07\/impermeable-icono-nexo-1.png\" alt=\"\" width=\"90\" height=\"89\" title=\"\"><\/td>\n<td><img decoding=\"async\" class=\"alignnone size-full wp-image-12707\" src=\"https:\/\/nexointeriores.com\/wp-content\/uploads\/2022\/06\/diseno-origunal-y-calidad-HD-icono-nexo-1.png\" alt=\"\" width=\"90\" height=\"89\" title=\"\"><\/td>\n<td><img decoding=\"async\" class=\"alignnone size-full wp-image-12710\" src=\"https:\/\/nexointeriores.com\/wp-content\/uploads\/2022\/06\/facil-limpieza-icono-nexo-1.png\" alt=\"\" width=\"90\" height=\"89\" title=\"\"><\/td>\n<td><img decoding=\"async\" class=\"alignnone size-full wp-image-12694\" src=\"https:\/\/nexointeriores.com\/wp-content\/uploads\/2022\/06\/adaptacion-24h-icono-nexo.png\" alt=\"\" width=\"90\" height=\"90\" title=\"\"><\/td>\n<td><img decoding=\"async\" class=\"alignnone size-full wp-image-12697\" src=\"https:\/\/nexointeriores.com\/wp-content\/uploads\/2022\/06\/antideslizante-icono-nexo.png\" alt=\"\" width=\"90\" height=\"89\" title=\"\"><\/td>\n<\/tr>\n<tr style=\"text-align: center;\">\n<td>R\u00e9sistant<br \/>\naux d\u00e9chirures<\/td>\n<td>Imperm\u00e9able<\/td>\n<td>design original<br \/>\net qualit\u00e9 HD<\/td>\n<td>Facile \u00e0<br \/>\nnettoyer<\/td>\n<td>design original<br \/>\net qualit\u00e9 HD<\/td>\n<td>Antid\u00e9rapant<\/td>\n<\/tbody>\n<\/table>\n<p>[\/et_pb_text][et_pb_text disabled_on=&#8221;off|on|on&#8221; _builder_version=&#8221;4.19.1&#8243; _module_preset=&#8221;default&#8221; width=&#8221;100%&#8221; global_colors_info=&#8221;{}&#8221;]<\/p>\n<table style=\"width: 100%;\" class=\"tabla_iconos\">\n<tbody style=\"text-align: center;\">\n<tr style=\"height: 97px;\">\n<td style=\"height: 97px; width: 99.6094px;\"><img decoding=\"async\" class=\"alignnone size-full wp-image-12705\" src=\"https:\/\/nexointeriores.com\/wp-content\/uploads\/2022\/06\/compatible-con-aspiradoras-icono-nexo-1.png\" alt=\"\" width=\"90\" height=\"90\" title=\"\"><\/td>\n<td style=\"height: 97px; width: 105.812px;\"><img decoding=\"async\" class=\"alignnone size-full wp-image-12696\" src=\"https:\/\/nexointeriores.com\/wp-content\/uploads\/2022\/06\/alta-resistencia-y-durabilidad-icono-nexo-1.png\" alt=\"\" width=\"89\" height=\"90\" title=\"\"><\/td>\n<\/tr>\n<tr style=\"text-align: center;\">\n<td style=\"height: 47px; width: 99.6094px;\">Compatible avec<br \/>les aspirateurs<\/td>\n<td style=\"height: 47px; width: 105.812px;\">Haute r\u00e9sistence<br \/>et durabilit\u00e9<\/td>\n<\/tr>\n<tr style=\"height: 96px;\">\n<td style=\"height: 96px; width: 99.6094px;\"><img decoding=\"async\" class=\"alignnone size-full wp-image-12698\" src=\"https:\/\/nexointeriores.com\/wp-content\/uploads\/2022\/06\/anti-manchas-icono-nexo-3.png\" alt=\"\" width=\"90\" height=\"89\" title=\"\"><\/td>\n<td style=\"height: 96px; width: 105.812px;\"><img decoding=\"async\" class=\"alignnone size-full wp-image-12701\" src=\"https:\/\/nexointeriores.com\/wp-content\/uploads\/2022\/06\/apto-para-exterior-sombreado-icono-nexo.png\" alt=\"\" width=\"89\" height=\"89\" title=\"\"><\/td>\n<\/tr>\n<tr style=\"height: 47px;\">\n<td style=\"height: 47px; width: 99.6094px;\">R\u00e9sistant aux<br \/>taches<\/td>\n<td style=\"height: 47px; width: 105.812px;\">pour l&#8217;ombrage<br \/>ext\u00e9rieur<\/td>\n<\/tr>\n<tr style=\"height: 96px;\">\n<td style=\"height: 96px; width: 99.6094px;\"><img decoding=\"async\" class=\"alignnone size-full wp-image-12699\" src=\"https:\/\/nexointeriores.com\/wp-content\/uploads\/2022\/06\/apto-mara-mascotas-icono-nexo.png\" alt=\"\" width=\"89\" height=\"89\" title=\"\"><\/td>\n<td style=\"height: 96px; width: 105.812px;\"><img decoding=\"async\" class=\"alignnone size-full wp-image-12712\" src=\"https:\/\/nexointeriores.com\/wp-content\/uploads\/2022\/06\/hipoalergenico-icono-nexo.png\" alt=\"\" width=\"90\" height=\"89\" title=\"\"><\/td>\n<\/tr>\n<tr style=\"height: 47px;\">\n<td style=\"height: 47px; width: 99.6094px;\">Adapt\u00e9s aux<br \/>animaux<\/td>\n<td style=\"height: 47px; width: 105.812px;\">Hypoallerg\u00e9nique<\/td>\n<\/tr>\n<tr style=\"height: 96px;\">\n<td style=\"height: 96px; width: 99.6094px;\"><img decoding=\"async\" class=\"alignnone size-full wp-image-12718\" src=\"https:\/\/nexointeriores.com\/wp-content\/uploads\/2022\/06\/resistene-al-fuego-icono-nexo.png\" alt=\"\" width=\"90\" height=\"89\" title=\"\"><\/td>\n<td style=\"height: 96px; width: 105.812px;\"><img decoding=\"async\" class=\"alignnone size-full wp-image-12716\" src=\"https:\/\/nexointeriores.com\/wp-content\/uploads\/2022\/06\/laminado-de-proteccion-icono-nexo.png\" alt=\"\" width=\"90\" height=\"89\" title=\"\"><\/td>\n<\/tr>\n<tr style=\"height: 47px;\">\n<td style=\"height: 47px; width: 99.6094px;\">R\u00e9sistant<br \/>au feu<\/td>\n<td style=\"height: 47px; width: 105.812px;\">Stratifi\u00e9 de<br \/>protection<\/td>\n<\/tr>\n<tr style=\"height: 97px;\">\n<td style=\"height: 97px; width: 99.6094px;\"><img decoding=\"async\" class=\"alignnone size-full wp-image-12715\" src=\"https:\/\/nexointeriores.com\/wp-content\/uploads\/2022\/06\/impresion-en-tinta-UVI-icono-nexo.png\" alt=\"\" width=\"90\" height=\"89\" title=\"\"><\/td>\n<td style=\"height: 97px; width: 105.812px;\"><img decoding=\"async\" class=\"alignnone size-full wp-image-12719\" src=\"https:\/\/nexointeriores.com\/wp-content\/uploads\/2022\/06\/resistente-a-roturas-icono-nexo.png\" alt=\"\" width=\"90\" height=\"90\" title=\"\"><\/td>\n<\/tr>\n<tr style=\"height: 47px;\">\n<td style=\"height: 47px; width: 99.6094px;\">Impression \u00e0<br \/>l\u2019encre UVI<\/td>\n<td style=\"height: 47px; width: 105.812px;\">R\u00e9sistant aux d\u00e9chirures<\/td>\n<\/tr>\n<tr style=\"height: 96px;\">\n<td style=\"height: 96px; width: 99.6094px;\"><img decoding=\"async\" class=\"alignnone size-full wp-image-12713\" src=\"https:\/\/nexointeriores.com\/wp-content\/uploads\/2022\/07\/impermeable-icono-nexo-1.png\" alt=\"\" width=\"90\" height=\"89\" title=\"\"><\/td>\n<td style=\"height: 96px; width: 105.812px;\"><img decoding=\"async\" class=\"alignnone size-full wp-image-12707\" src=\"https:\/\/nexointeriores.com\/wp-content\/uploads\/2022\/06\/diseno-origunal-y-calidad-HD-icono-nexo-1.png\" alt=\"\" width=\"90\" height=\"89\" title=\"\"><\/td>\n<\/tr>\n<tr style=\"height: 47px;\">\n<td style=\"height: 47px; width: 99.6094px;\">Imperm\u00e9able<\/td>\n<td style=\"height: 47px; width: 105.812px;\">Design original et<br \/>qualit\u00e9 HD<\/td>\n<\/tr>\n<tr style=\"height: 97px;\">\n<td style=\"height: 97px; width: 99.6094px;\"><img decoding=\"async\" class=\"alignnone size-full wp-image-12710\" src=\"https:\/\/nexointeriores.com\/wp-content\/uploads\/2022\/06\/facil-limpieza-icono-nexo-1.png\" alt=\"\" width=\"90\" height=\"89\" title=\"\"><\/td>\n<td style=\"height: 97px; width: 105.812px;\"><img decoding=\"async\" class=\"alignnone size-full wp-image-12694\" src=\"https:\/\/nexointeriores.com\/wp-content\/uploads\/2022\/06\/adaptacion-24h-icono-nexo.png\" alt=\"\" width=\"90\" height=\"90\" title=\"\"><\/td>\n<\/tr>\n<tr style=\"height: 47px;\">\n<td style=\"height: 47px; width: 99.6094px;\">Facile \u00e0<br \/>nettoyer<\/td>\n<td style=\"height: 47px; width: 105.812px;\">Adaptation<br \/>24h<\/td>\n<\/tr>\n<tr style=\"height: 96px;\">\n<td style=\"height: 96px; width: 99.6094px;\"><img decoding=\"async\" class=\"alignnone size-full wp-image-12697\" src=\"https:\/\/nexointeriores.com\/wp-content\/uploads\/2022\/06\/antideslizante-icono-nexo.png\" alt=\"\" width=\"90\" height=\"89\" title=\"\"><\/td>\n<\/tr>\n<tr style=\"height: 47px;\">\n<td style=\"height: 47px; width: 99.6094px;\">Antid\u00e9rapant<\/td>\n<\/tr>\n<\/tbody>\n<\/table>\n<p>[\/et_pb_text][\/et_pb_column][\/et_pb_row][\/et_pb_section][et_pb_section fb_built=&#8221;1&#8243; _builder_version=&#8221;4.18.0&#8243; _module_preset=&#8221;default&#8221; background_color=&#8221;#f3ece3&#8243; custom_padding=&#8221;0px|||||&#8221; global_colors_info=&#8221;{}&#8221;][et_pb_row _builder_version=&#8221;4.18.0&#8243; _module_preset=&#8221;default&#8221; width=&#8221;91.1%&#8221; global_colors_info=&#8221;{}&#8221;][et_pb_column type=&#8221;4_4&#8243; _builder_version=&#8221;4.18.0&#8243; _module_preset=&#8221;default&#8221; global_colors_info=&#8221;{}&#8221;][et_pb_wc_description description_type=&#8221;description&#8221; _builder_version=&#8221;4.18.0&#8243; _module_preset=&#8221;default&#8221; width=&#8221;99.8%&#8221; min_height=&#8221;192.1px&#8221; custom_margin=&#8221;|||1px||&#8221; global_colors_info=&#8221;{}&#8221;][\/et_pb_wc_description][\/et_pb_column][\/et_pb_row][et_pb_row _builder_version=&#8221;4.18.0&#8243; _module_preset=&#8221;default&#8221; width=&#8221;90.7%&#8221; global_colors_info=&#8221;{}&#8221;][et_pb_column type=&#8221;4_4&#8243; _builder_version=&#8221;4.18.0&#8243; _module_preset=&#8221;default&#8221; global_colors_info=&#8221;{}&#8221;][et_pb_text _builder_version=&#8221;4.19.1&#8243; _module_preset=&#8221;default&#8221; width=&#8221;100%&#8221; custom_padding=&#8221;||0px|||&#8221; border_width_top=&#8221;1px&#8221; border_color_top=&#8221;#cecece&#8221; border_width_bottom=&#8221;2px&#8221; border_color_bottom=&#8221;#cecece&#8221; global_colors_info=&#8221;{}&#8221;]<\/p>\n<table>\n<tr>\n<td style=\"text-align: center\">Couleur<\/td>\n<td>Bleu, Rouge, Vert<\/td>\n<\/tr>\n<tr style=\"background: #eae5de\">\n<td style=\"text-align: center\">Finition<\/td>\n<td>Ext\u00e9rieure, int\u00e9rieure<\/td>\n<\/tr>\n<tr>\n<td style=\"text-align: center\">Tailles<\/td>\n<td>\n<p>1490 x 2050 mm, 1770 x 2470 mm, 790 x 1070 mm, 790 x 1490 mm, 790 x 1900 mm, 790 x 2470 mm, 790 x 930 mm\n<\/td>\n<\/tr>\n<\/table>\n<p>[\/et_pb_text][\/et_pb_column][\/et_pb_row][\/et_pb_section][et_pb_section fb_built=&#8221;1&#8243; _builder_version=&#8221;4.18.0&#8243; _module_preset=&#8221;default&#8221; global_colors_info=&#8221;{}&#8221;][et_pb_row _builder_version=&#8221;4.18.0&#8243; _module_preset=&#8221;default&#8221; global_colors_info=&#8221;{}&#8221;][et_pb_column type=&#8221;4_4&#8243; _builder_version=&#8221;4.18.0&#8243; _module_preset=&#8221;default&#8221; global_colors_info=&#8221;{}&#8221;][et_pb_wc_related_products _builder_version=&#8221;4.16&#8243; global_colors_info=&#8221;{}&#8221;][\/et_pb_wc_related_products][\/et_pb_column][\/et_pb_row][\/et_pb_section]<\/p>\n","protected":false},"excerpt":{"rendered":"<p>Tapis de sol vinyle tricolore avec un motif floral imprim\u00e9 simulant les carreaux d&#8217;une fa\u00e7ade dans les rues du Portugal. Donnez \u00e0 vos sols une touche portugaise.<\/p>\n","protected":false},"featured_media":31891,"template":"","meta":{"_et_pb_use_builder":"on","_et_pb_old_content":"<div class=\"dscProductL\">\r\n\r\nAlfombra bicolor con un motivo floral reproducido de los azulejos de una fachada en las calles de Portugal.\r\n\r\nLa alfombra Loures ha sido dise\u00f1ada con la t\u00e9cnica del trampantojo, generando as\u00ed un resultado hiperrealista que nos traslada al mismo coraz\u00f3n de Portugal.\r\n\r\nEl modelo Loures est\u00e1 disponible en tres colores diferentes, basados en la arquitectura Portuguesa y en siete medidas, para su mejor adaptaci\u00f3n a cualquier espacio y estilo de tu hogar.\r\n\r\n<\/div>\r\n<div class=\"dscProductL\" style=\"text-align: center\">\r\n<div class=\"muestrasDescripcion\">\r\n\r\n<img class=\"alignnone size-full wp-image-24376\" style=\"margin: 0px 10px 0px 0px\" src=\"https:\/\/nexointeriores.com\/wp-content\/uploads\/MUESTRA-ALFOMBRA-LOURES-AZUL-NEXO.webp\" alt=\"\" width=\"150\" height=\"204\" \/><img class=\"alignnone size-full wp-image-24377\" style=\"margin: 0px 10px 0px 0px\" src=\"https:\/\/nexointeriores.com\/wp-content\/uploads\/MUESTRA-ALFOMBRA-LOURES-ROJO-NEXO.webp\" alt=\"\" width=\"150\" height=\"204\" \/><img class=\"alignnone size-full wp-image-24378\" style=\"margin: 0px 10px 0px 0px\" src=\"https:\/\/nexointeriores.com\/wp-content\/uploads\/MUESTRA-ALFOMBRA-LOURES-VERDE-NEXO.webp\" alt=\"\" width=\"150\" height=\"204\" \/>\r\n\r\n<\/div>\r\n<\/div>","_et_gb_content_width":""},"product_brand":[],"product_cat":[547,548,550,588],"product_tag":[],"class_list":{"0":"post-46061","1":"product","2":"type-product","3":"status-publish","4":"has-post-thumbnail","6":"product_cat-tapis-revetements-de-sol","7":"product_cat-tapis","8":"product_cat-collection-portugal","9":"product_cat-tapis-fr-portugal","11":"first","12":"instock","13":"taxable","14":"shipping-taxable","15":"purchasable","16":"product-type-variable"},"_links":{"self":[{"href":"https:\/\/nexointeriores.com\/fr\/wp-json\/wp\/v2\/product\/46061","targetHints":{"allow":["GET"]}}],"collection":[{"href":"https:\/\/nexointeriores.com\/fr\/wp-json\/wp\/v2\/product"}],"about":[{"href":"https:\/\/nexointeriores.com\/fr\/wp-json\/wp\/v2\/types\/product"}],"wp:featuredmedia":[{"embeddable":true,"href":"https:\/\/nexointeriores.com\/fr\/wp-json\/wp\/v2\/media\/31891"}],"wp:attachment":[{"href":"https:\/\/nexointeriores.com\/fr\/wp-json\/wp\/v2\/media?parent=46061"}],"wp:term":[{"taxonomy":"product_brand","embeddable":true,"href":"https:\/\/nexointeriores.com\/fr\/wp-json\/wp\/v2\/product_brand?post=46061"},{"taxonomy":"product_cat","embeddable":true,"href":"https:\/\/nexointeriores.com\/fr\/wp-json\/wp\/v2\/product_cat?post=46061"},{"taxonomy":"product_tag","embeddable":true,"href":"https:\/\/nexointeriores.com\/fr\/wp-json\/wp\/v2\/product_tag?post=46061"}],"curies":[{"name":"wp","href":"https:\/\/api.w.org\/{rel}","templated":true}]}}