{"id":45210,"date":"2022-07-04T10:54:03","date_gmt":"2022-07-04T08:54:03","guid":{"rendered":"https:\/\/nexointeriores.com\/producto\/decoration-murale-adhesive-avanca\/"},"modified":"2023-03-17T15:39:25","modified_gmt":"2023-03-17T14:39:25","slug":"decoration-murale-adhesive-avanca","status":"publish","type":"product","link":"https:\/\/nexointeriores.com\/fr\/produit\/decoration-murale-adhesive-avanca\/","title":{"rendered":"D\u00e9coration Murale Adh\u00e9sive Avan\u00e7a"},"content":{"rendered":"<p>[et_pb_section fb_built=&#8221;1&#8243; module_id=&#8221;ecommerce-custom-header&#8221; _builder_version=&#8221;4.16&#8243; custom_margin=&#8221;||86px|||&#8221; global_colors_info=&#8221;{}&#8221;][et_pb_row _builder_version=&#8221;4.16&#8243; global_colors_info=&#8221;{}&#8221;][et_pb_column type=&#8221;4_4&#8243; _builder_version=&#8221;4.16&#8243; global_colors_info=&#8221;{}&#8221;][et_pb_wc_title _builder_version=&#8221;4.17.4&#8243; header_level=&#8221;h6&#8243; header_font=&#8221;||||||||&#8221; header_text_align=&#8221;center&#8221; header_text_color=&#8221;#000000&#8243; header_font_size=&#8221;26px&#8221; custom_margin=&#8221;||10px||false|false&#8221; global_colors_info=&#8221;{}&#8221;][\/et_pb_wc_title][et_pb_wc_breadcrumb _builder_version=&#8221;4.16&#8243; text_orientation=&#8221;center&#8221; global_colors_info=&#8221;{}&#8221;][\/et_pb_wc_breadcrumb][\/et_pb_column][\/et_pb_row][\/et_pb_section][et_pb_section fb_built=&#8221;1&#8243; _builder_version=&#8221;4.18.0&#8243; custom_padding=&#8221;0px||0px||false|false&#8221; custom_css_main_element=&#8221;margin:0;&#8221; global_colors_info=&#8221;{}&#8221;][et_pb_row _builder_version=&#8221;4.17.4&#8243; width=&#8221;90%&#8221; max_width=&#8221;100%&#8221; custom_padding=&#8221;0px||0px|||&#8221; global_colors_info=&#8221;{}&#8221;][et_pb_column type=&#8221;4_4&#8243; _builder_version=&#8221;4.16&#8243; global_colors_info=&#8221;{}&#8221;][et_pb_wc_cart_notice _builder_version=&#8221;4.17.4&#8243; width=&#8221;71%&#8221; global_colors_info=&#8221;{}&#8221;][\/et_pb_wc_cart_notice][\/et_pb_column][\/et_pb_row][et_pb_row column_structure=&#8221;1_2,1_2&#8243; use_custom_gutter=&#8221;on&#8221; gutter_width=&#8221;4&#8243; make_equal=&#8221;on&#8221; _builder_version=&#8221;4.17.4&#8243; width=&#8221;90%&#8221; max_width=&#8221;100%&#8221; custom_padding=&#8221;||||false|false&#8221; global_colors_info=&#8221;{}&#8221;][et_pb_column type=&#8221;1_2&#8243; _builder_version=&#8221;4.17.4&#8243; custom_padding=&#8221;|2%|||false|false&#8221; global_colors_info=&#8221;{}&#8221;][et_pb_wc_images show_sale_badge=&#8221;off&#8221; _builder_version=&#8221;4.17.4&#8243; custom_padding=&#8221;|0px||||&#8221; hover_transition_duration=&#8221;0ms&#8221; border_width_all_image=&#8221;2px&#8221; border_color_all_image=&#8221;#b7cec4&#8243; global_colors_info=&#8221;{}&#8221;][\/et_pb_wc_images][\/et_pb_column][et_pb_column type=&#8221;1_2&#8243; _builder_version=&#8221;4.17.4&#8243; custom_padding=&#8221;|||2%|false|false&#8221; global_colors_info=&#8221;{}&#8221;][et_pb_wc_title _builder_version=&#8221;4.18.0&#8243; header_font=&#8221;|300|||||||&#8221; header_text_align=&#8221;left&#8221; custom_margin=&#8221;||27px|||&#8221; global_colors_info=&#8221;{}&#8221;][\/et_pb_wc_title][et_pb_wc_description _builder_version=&#8221;4.18.0&#8243; _module_preset=&#8221;default&#8221; body_font=&#8221;|300|||||||&#8221; width=&#8221;100%&#8221; custom_margin=&#8221;||25px||false|false&#8221; global_colors_info=&#8221;{}&#8221;][\/et_pb_wc_description][et_pb_text disabled_on=&#8221;on|off|off&#8221; _builder_version=&#8221;4.19.1&#8243; _module_preset=&#8221;default&#8221; width=&#8221;100%&#8221; global_colors_info=&#8221;{}&#8221;]<\/p>\n<table class=\"tabla_iconos\" style=\"width: 100%; height: 23px;\">\n<tbody>\n<tr style=\"height: 23px;\">\n<td style=\"width: 49.5301%; height: 23px;\"><strong>Dibon (para exterior): UVI + laminado<br \/>\n    transparente<\/strong><br \/>\n    + Soporte de aluminio<br \/>\n    + Alta resistencia y durabilidad<br \/>\n    + F\u00e1cil de instalar y limpiar<br \/>\n    + Apto para exterior<br \/>\n    + Impermeable<br \/>\n    + Resistente a las manchas<br \/>\n    + Laminado de protecci\u00f3n<br \/>\n    + Alta resistencia al calor<br \/>\n    + Cinta adhesiva doble cara incluida<br \/>\n    + Espesor 3 mm<br \/>\n    + Aporta volumen<strong>Vinillo brillo latex sobre foam<\/strong><\/p>\n<p>    + F\u00e1cil de limpiar con pa\u00f1o humedo<br \/>\n    + F\u00e1cil de instalar<br \/>\n    + Impermeable<br \/>\n    + Resistente<br \/>\n    + Con n\u00facleo de espuma<br \/>\n    + Material ligero<br \/>\n    + No se deforma<br \/>\n    + Cinta adhesiva doble cara incluida<br \/>\n    + F\u00e1cil de cortar<br \/>\n    + Acabado satinado<br \/>\n    + Espesor 5 mm<\/p>\n<p>    No apto para el exterior.<\/td>\n<td style=\"width: 50.4699%; height: 23px;\"><strong>Vinillo brillo latex sobre forex<\/strong><\/p>\n<p>    + F\u00e1cil de limpiar con pa\u00f1o humedo<br \/>\n    + F\u00e1cil de instalar<br \/>\n    + Impermeable<br \/>\n    + Resistente<br \/>\n    + Material ligero<br \/>\n    + No se deforma<br \/>\n    + Cinta adhesiva doble cara incluida<br \/>\n    + F\u00e1cil de cortar<br \/>\n    + Espesor 3 mm<br \/>\n    + Aporta volumen<\/td>\n<\/tr>\n<\/tbody>\n<\/table>\n<p>[\/et_pb_text][et_pb_text disabled_on=&#8221;off|on|on&#8221; _builder_version=&#8221;4.19.1&#8243; _module_preset=&#8221;default&#8221; width=&#8221;100%&#8221; min_height=&#8221;467.5px&#8221; global_colors_info=&#8221;{}&#8221;]<strong>Dibon (pour usage ext\u00e9rieur) : UVI + lamin\u00e9 transparent<\/strong><\/p>\n<p>+ Support d&#8217;aluminium<br \/>\n+ Haute r\u00e9sistence et durabilit\u00e9<br \/>\n+ Facile \u00e0 installer et \u00e0 nettoyer<br \/>\n+ Adapt\u00e9 pour l\u2019ext\u00e9rieur<br \/>\n+ Imperm\u00e9able<br \/>\n+ R\u00e9sistant aux t\u00e2ches<br \/>\n+ Stratifi\u00e9 de protection<br \/>\n+ Haute r\u00e9sistance \u00e0 la chaleur<br \/>\n+ Ruban adh\u00e9sif double-face inclus<br \/>\n+ Epaisseur 3 mm<br \/>\n+ Ajoute du volume<\/p>\n<p><strong>vinyle latex brillant sur mousse<\/strong><\/p>\n<p>+ Facile \u00e0 nettoyer avec un chiffon humide<br \/>\n+ Facile \u00e0 installer<br \/>\n+ Imperm\u00e9able<br \/>\n+ R\u00e9sistant<br \/>\n+ Avec noyau en mousse<br \/>\n+ Mat\u00e9riau l\u00e9ger<br \/>\n+ Pas de d\u00e9formation<br \/>\n+ Ruban adh\u00e9sif double-face inclus<br \/>\n+ Facile \u00e0 couper<br \/>\n+ Finition satin\u00e9e<br \/>\n+ Epaisseur 5 mm<\/p>\n<p>Ne convient pas ext\u00e9rieur .<\/p>\n<p><strong>vinyle latex brillant sur Forex<\/strong><\/p>\n<p>+ Facile \u00e0 nettoyer avec un chiffon humide<br \/>\n+ Facile \u00e0 installer<br \/>\n+ Imperm\u00e9able<br \/>\n+ R\u00e9sistant<br \/>\n+ Mat\u00e9riau l\u00e9ger<br \/>\n+ Pas de d\u00e9formation<br \/>\n+ Ruban adh\u00e9sif double-face inclus<br \/>\n+ Facile \u00e0 couper<br \/>\n+ Epaisseur 3 mm<br \/>\n+ Ajoute du volume[\/et_pb_text][et_pb_wc_price _builder_version=&#8221;4.17.4&#8243; body_font=&#8221;|300|||||||&#8221; body_text_color=&#8221;#000000&#8243; body_font_size=&#8221;20px&#8221; text_orientation=&#8221;left&#8221; custom_margin=&#8221;||20px|||&#8221; global_colors_info=&#8221;{}&#8221;][\/et_pb_wc_price][et_pb_wc_add_to_cart field_label_position=&#8221;inline&#8221; _builder_version=&#8221;4.18.0&#8243; fields_custom_padding=&#8221;||||false|false&#8221; dropdown_menus_background_color=&#8221;RGBA(255,255,255,0)&#8221; field_label_font=&#8221;||||||||&#8221; field_label_text_color=&#8221;#000000&#8243; dropdown_menus_font_size=&#8221;13px&#8221; custom_button=&#8221;on&#8221; button_bg_color=&#8221;#b7cec4&#8243; button_border_width=&#8221;0px&#8221; button_use_icon=&#8221;off&#8221; width=&#8221;100%&#8221; custom_margin=&#8221;||21px|||&#8221; border_width_all_fields=&#8221;1px&#8221; border_color_all_fields=&#8221;#dddddd&#8221; border_width_all_dropdown_menus=&#8221;1px&#8221; border_color_all_dropdown_menus=&#8221;#e2e2e2&#8243; global_colors_info=&#8221;{}&#8221; button_bg_color__hover_enabled=&#8221;on|hover&#8221; button_bg_color__hover=&#8221;#6da379&#8243; button_bg_enable_color__hover=&#8221;on&#8221;][\/et_pb_wc_add_to_cart][et_pb_text _builder_version=&#8221;4.17.6&#8243; _module_preset=&#8221;default&#8221; text_text_color=&#8221;#8c8c8c&#8221; text_font_size=&#8221;11px&#8221; width=&#8221;70%&#8221; global_colors_info=&#8221;{}&#8221;]<\/p>\n<p>* Il peut y avoir des variations de couleur entre le produit final et les images \u00e0 l\u2019\u00e9cran, les mesures peuvent \u00eatre modifi\u00e9es en fonction du mod\u00e8le choisi.<\/p>\n<p>[\/et_pb_text][\/et_pb_column][\/et_pb_row][et_pb_row _builder_version=&#8221;4.18.0&#8243; _module_preset=&#8221;default&#8221; width=&#8221;90.2%&#8221; global_colors_info=&#8221;{}&#8221;][et_pb_column type=&#8221;4_4&#8243; _builder_version=&#8221;4.18.0&#8243; _module_preset=&#8221;default&#8221; global_colors_info=&#8221;{}&#8221;][et_pb_text disabled_on=&#8221;on|off|off&#8221; _builder_version=&#8221;4.19.1&#8243; _module_preset=&#8221;default&#8221; width=&#8221;100%&#8221; global_colors_info=&#8221;{}&#8221;]<\/p>\n<table class=\"tabla_iconos\" style=\"width: 100%;\">\n<tbody style=\"text-align: center;\">\n<tr style=\"text-align: center;\">\n<td><img decoding=\"async\" class=\"alignnone size-full wp-image-12705\" src=\"https:\/\/nexointeriores.com\/wp-content\/uploads\/2022\/06\/espesor-nexo-copia.png\" alt=\"\" width=\"90\" height=\"90\" title=\"\"><\/td>\n<td><img decoding=\"async\" class=\"alignnone size-full wp-image-12696\" src=\"https:\/\/nexointeriores.com\/wp-content\/uploads\/2022\/06\/facil-limpieza-icono-nexo.png\" alt=\"\" width=\"89\" height=\"90\" title=\"\"><\/td>\n<td><img decoding=\"async\" class=\"alignnone size-full wp-image-12698\" src=\"https:\/\/nexointeriores.com\/wp-content\/uploads\/2022\/06\/listo-para-colocar-icono-nexo.png\" alt=\"\" width=\"90\" height=\"89\" title=\"\"><\/td>\n<td><img decoding=\"async\" class=\"alignnone size-full wp-image-12701\" src=\"https:\/\/nexointeriores.com\/wp-content\/uploads\/2022\/06\/hipoalergenico-icono-nexo.png\" alt=\"\" width=\"89\" height=\"89\" title=\"\"><\/td>\n<td><img decoding=\"async\" class=\"alignnone size-full wp-image-12699\" src=\"https:\/\/nexointeriores.com\/wp-content\/uploads\/2022\/06\/diseno-origunal-y-calidad-HD-icono-nexo.png\" alt=\"\" width=\"89\" height=\"89\" title=\"\"><\/td>\n<td><img decoding=\"async\" class=\"alignnone size-full wp-image-12712\" src=\"https:\/\/nexointeriores.com\/wp-content\/uploads\/2022\/07\/impermeable-icono-nexo-1.png\" alt=\"\" width=\"90\" height=\"89\" title=\"\"><\/td>\n<td><img decoding=\"async\" class=\"alignnone size-full wp-image-12718\" src=\"https:\/\/nexointeriores.com\/wp-content\/uploads\/2022\/07\/cuter-icono-facil-cortar-nexo-interiores-1.png\" alt=\"\" width=\"90\" height=\"89\" title=\"\"><\/td>\n<td><img decoding=\"async\" class=\"alignnone size-full wp-image-12716\" src=\"https:\/\/nexointeriores.com\/wp-content\/uploads\/2022\/06\/resistente-a-roturas-icono-nexo.png\" alt=\"\" width=\"90\" height=\"89\" title=\"\"><\/td>\n<td><img decoding=\"async\" class=\"alignnone size-full wp-image-12715\" src=\"https:\/\/nexointeriores.com\/wp-content\/uploads\/2022\/06\/alta-resistencia-y-durabilidad-icono-nexo.png\" alt=\"\" width=\"90\" height=\"89\" title=\"\"><\/td>\n<\/tr>\n<tr style=\"text-align: center;\">\n<td>Epaisseur<br \/>\n 3 mm<\/td>\n<td>Facile \u00e0<br \/>\n nettoyer<\/td>\n<td>Pr\u00eat \u00e0 \u00eatre<br \/>\n install\u00e9<\/td>\n<td>Hypoallerg\u00e9nique<\/td>\n<td>design original<br \/>\n et qualit\u00e9 HD<\/td>\n<td>Imperm\u00e9able<\/td>\n<td>Facile \u00e0<br \/>\n couper<\/td>\n<td>R\u00e9sistant aux<br \/>\n d\u00e9chirures<\/td>\n<td>Haute r\u00e9sistence<br \/>\n et durabilit\u00e9<\/td>\n<\/tr>\n<tr>\n<td style=\"padding: 15px !important;\"><\/td>\n<\/tr>\n<tr style=\"height: 97px;\">\n<td><img decoding=\"async\" class=\"alignnone size-full wp-image-12719\" src=\"https:\/\/nexointeriores.com\/wp-content\/uploads\/2022\/06\/laminado-de-proteccion-icono-nexo.png\" alt=\"\" width=\"90\" height=\"90\" title=\"\"><\/td>\n<\/tr>\n<tr style=\"text-align: center;\">\n<td>Stratifi\u00e9 de<br \/>\n protection<\/td>\n<\/tr>\n<\/tbody>\n<\/table>\n<p>[\/et_pb_text][et_pb_text disabled_on=&#8221;off|on|on&#8221; _builder_version=&#8221;4.19.1&#8243; _module_preset=&#8221;default&#8221; width=&#8221;100%&#8221; global_colors_info=&#8221;{}&#8221;]<\/p>\n<table class=\"tabla_iconos\" style=\"width: 100%;\">\n<tbody style=\"text-align: center;\">\n<tr style=\"height: 97px;\">\n<td style=\"height: 97px; width: 99.6094px;\"><img decoding=\"async\" class=\"alignnone size-full wp-image-12705\" src=\"https:\/\/nexointeriores.com\/wp-content\/uploads\/2022\/06\/espesor-nexo-copia.png\" alt=\"\" width=\"90\" height=\"90\" title=\"\"><\/td>\n<td style=\"height: 97px; width: 105.812px;\"><img decoding=\"async\" class=\"alignnone size-full wp-image-12696\" src=\"https:\/\/nexointeriores.com\/wp-content\/uploads\/2022\/06\/facil-limpieza-icono-nexo.png\" alt=\"\" width=\"89\" height=\"90\" title=\"\"><\/td>\n<\/tr>\n<tr style=\"text-align: center;\">\n<td style=\"height: 47px; width: 99.6094px;\">Epaisseur<br \/>3 mm<\/td>\n<td style=\"height: 47px; width: 105.812px;\">Facile \u00e0<br \/>nettoyer<\/td>\n<\/tr>\n<tr style=\"height: 96px;\">\n<td style=\"height: 96px; width: 99.6094px;\"><img decoding=\"async\" class=\"alignnone size-full wp-image-12698\" src=\"https:\/\/nexointeriores.com\/wp-content\/uploads\/2022\/06\/listo-para-colocar-icono-nexo.png\" alt=\"\" width=\"90\" height=\"89\" title=\"\"><\/td>\n<td style=\"height: 96px; width: 105.812px;\"><img decoding=\"async\" class=\"alignnone size-full wp-image-12701\" src=\"https:\/\/nexointeriores.com\/wp-content\/uploads\/2022\/06\/hipoalergenico-icono-nexo.png\" alt=\"\" width=\"89\" height=\"89\" title=\"\"><\/td>\n<\/tr>\n<tr style=\"height: 47px;\">\n<td style=\"height: 47px; width: 99.6094px;\">Pr\u00eat \u00e0 \u00eatre<br \/>install\u00e9<\/td>\n<td style=\"height: 47px; width: 105.812px;\">Hypoallerg\u00e9nique<\/td>\n<\/tr>\n<tr style=\"height: 96px;\">\n<td style=\"height: 96px; width: 99.6094px;\"><img decoding=\"async\" class=\"alignnone size-full wp-image-12699\" src=\"https:\/\/nexointeriores.com\/wp-content\/uploads\/2022\/06\/diseno-origunal-y-calidad-HD-icono-nexo.png\" alt=\"\" width=\"89\" height=\"89\" title=\"\"><\/td>\n<td style=\"height: 96px; width: 105.812px;\"><img decoding=\"async\" class=\"alignnone size-full wp-image-12712\" src=\"https:\/\/nexointeriores.com\/wp-content\/uploads\/2022\/07\/impermeable-icono-nexo-1.png\" alt=\"\" width=\"90\" height=\"89\" title=\"\"><\/td>\n<\/tr>\n<tr style=\"height: 47px;\">\n<td style=\"height: 47px; width: 99.6094px;\">Design original et<br \/>qualit\u00e9 HD<\/td>\n<td style=\"height: 47px; width: 105.812px;\">Imperm\u00e9able<\/td>\n<\/tr>\n<tr style=\"height: 96px;\">\n<td style=\"height: 96px; width: 99.6094px;\"><img decoding=\"async\" class=\"alignnone size-full wp-image-12718\" src=\"https:\/\/nexointeriores.com\/wp-content\/uploads\/2022\/07\/cuter-icono-facil-cortar-nexo-interiores-1.png\" alt=\"\" width=\"90\" height=\"89\" title=\"\"><\/td>\n<td style=\"height: 96px; width: 105.812px;\"><img decoding=\"async\" class=\"alignnone size-full wp-image-12716\" src=\"https:\/\/nexointeriores.com\/wp-content\/uploads\/2022\/06\/resistente-a-roturas-icono-nexo.png\" alt=\"\" width=\"90\" height=\"89\" title=\"\"><\/td>\n<\/tr>\n<tr style=\"height: 47px;\">\n<td style=\"height: 47px; width: 99.6094px;\">Facile \u00e0<br \/>couper<\/td>\n<td style=\"height: 47px; width: 105.812px;\">R\u00e9sistant aux<br \/>d\u00e9chirures<\/td>\n<\/tr>\n<tr style=\"height: 97px;\">\n<td style=\"height: 97px; width: 99.6094px;\"><img decoding=\"async\" class=\"alignnone size-full wp-image-12715\" src=\"https:\/\/nexointeriores.com\/wp-content\/uploads\/2022\/06\/alta-resistencia-y-durabilidad-icono-nexo.png\" alt=\"\" width=\"90\" height=\"89\" title=\"\"><\/td>\n<td style=\"height: 97px; width: 105.812px;\"><img decoding=\"async\" class=\"alignnone size-full wp-image-12719\" src=\"https:\/\/nexointeriores.com\/wp-content\/uploads\/2022\/06\/laminado-de-proteccion-icono-nexo.png\" alt=\"\" width=\"90\" height=\"90\" title=\"\"><\/td>\n<\/tr>\n<tr style=\"height: 47px;\">\n<td style=\"height: 47px; width: 99.6094px;\">Haute r\u00e9sistence<br \/>et durabilit\u00e9<\/td>\n<td style=\"height: 47px; width: 105.812px;\">Stratifi\u00e9 de<br \/>protection<\/td>\n<\/tr>\n<\/tbody>\n<\/table>\n<p>[\/et_pb_text][\/et_pb_column][\/et_pb_row][\/et_pb_section][et_pb_section fb_built=&#8221;1&#8243; _builder_version=&#8221;4.18.0&#8243; _module_preset=&#8221;default&#8221; background_color=&#8221;#f3ece3&#8243; custom_padding=&#8221;0px|||||&#8221; global_colors_info=&#8221;{}&#8221;][et_pb_row _builder_version=&#8221;4.18.0&#8243; _module_preset=&#8221;default&#8221; width=&#8221;91.1%&#8221; global_colors_info=&#8221;{}&#8221;][et_pb_column type=&#8221;4_4&#8243; _builder_version=&#8221;4.18.0&#8243; _module_preset=&#8221;default&#8221; global_colors_info=&#8221;{}&#8221;][et_pb_wc_description description_type=&#8221;description&#8221; _builder_version=&#8221;4.18.0&#8243; _module_preset=&#8221;default&#8221; width=&#8221;99.8%&#8221; min_height=&#8221;192.1px&#8221; custom_margin=&#8221;|||1px||&#8221; global_colors_info=&#8221;{}&#8221;][\/et_pb_wc_description][\/et_pb_column][\/et_pb_row][et_pb_row _builder_version=&#8221;4.18.0&#8243; _module_preset=&#8221;default&#8221; width=&#8221;90.7%&#8221; global_colors_info=&#8221;{}&#8221;][et_pb_column type=&#8221;4_4&#8243; _builder_version=&#8221;4.18.0&#8243; _module_preset=&#8221;default&#8221; global_colors_info=&#8221;{}&#8221;][et_pb_text _builder_version=&#8221;4.19.1&#8243; _module_preset=&#8221;default&#8221; width=&#8221;100%&#8221; custom_padding=&#8221;||0px|||&#8221; border_width_top=&#8221;1px&#8221; border_color_top=&#8221;#cecece&#8221; border_width_bottom=&#8221;2px&#8221; border_color_bottom=&#8221;#cecece&#8221; global_colors_info=&#8221;{}&#8221;]<\/p>\n<table>\n<tr style=\"background: #eae5de\">\n<td style=\"text-align: center\">Mat\u00e9riau<\/td>\n<td>Dibon (pour usage ext\u00e9rieur) : UVI + lamin\u00e9 transparent, Vinyle latex brillant sur mousse, Vinyle latex brillant sur Forex<\/td>\n<\/tr>\n<tr>\n<td style=\"text-align: center\">Tailles<\/td>\n<td>\n<p>1600 x 1266 mm, 885 x 700 mm\n<\/td>\n<\/tr>\n<\/table>\n<p>[\/et_pb_text][\/et_pb_column][\/et_pb_row][et_pb_row _builder_version=&#8221;4.19.1&#8243; _module_preset=&#8221;default&#8221; global_colors_info=&#8221;{}&#8221;][et_pb_column type=&#8221;4_4&#8243; _builder_version=&#8221;4.19.1&#8243; _module_preset=&#8221;default&#8221; global_colors_info=&#8221;{}&#8221;][et_pb_text _builder_version=&#8221;4.19.1&#8243; _module_preset=&#8221;default&#8221; global_colors_info=&#8221;{}&#8221;]<img decoding=\"async\" class=\"size-full wp-image-25368 alignleft\" src=\"https:\/\/nexointeriores.com\/wp-content\/uploads\/MONTAJE-MURAL-DECORATIVO-Cabecero-1.jpg\" alt=\"\" width=\"750\" height=\"500\" title=\"\">[\/et_pb_text][\/et_pb_column][\/et_pb_row][\/et_pb_section][et_pb_section fb_built=&#8221;1&#8243; _builder_version=&#8221;4.18.0&#8243; _module_preset=&#8221;default&#8221; global_colors_info=&#8221;{}&#8221;][et_pb_row _builder_version=&#8221;4.18.0&#8243; _module_preset=&#8221;default&#8221; global_colors_info=&#8221;{}&#8221;][et_pb_column type=&#8221;4_4&#8243; _builder_version=&#8221;4.18.0&#8243; _module_preset=&#8221;default&#8221; global_colors_info=&#8221;{}&#8221;][et_pb_wc_related_products _builder_version=&#8221;4.16&#8243; global_colors_info=&#8221;{}&#8221;][\/et_pb_wc_related_products][\/et_pb_column][\/et_pb_row][\/et_pb_section]<\/p>\n","protected":false},"excerpt":{"rendered":"<p style=\"text-align: left\">La fresque murale adh\u00e9sive d&#8217;Avan\u00e7a est con\u00e7ue avec la technique du trompe-l&#8217;\u0153il, g\u00e9n\u00e9rant un r\u00e9sultat hyperr\u00e9aliste qui nous transporte au c\u0153ur du Portugal. Ce panneau se trouvait \u00e0 l&#8217;origine dans la gare d&#8217;Avan\u00e7a, \u00e0 Estarreja, qui a ouvert ses portes au public le 7 juillet 1865.<\/p>\n","protected":false},"featured_media":28889,"template":"","meta":{"_et_pb_use_builder":"on","_et_pb_old_content":"<div class=\"dscProductL\" style=\"text-align: center\">\n<div class=\"muestrasDescripcion\" style=\"text-align: left\">Peinture murale en deux couleurs, illustr\u00e9e par la reproduction d'une peinture murale du Portugal. Le dessin capture le m\u00e9tier de la laiti\u00e8re dans une impression de haute qualit\u00e9. La peinture murale Avan\u00e7a est disponible en deux tailles et gr\u00e2ce \u00e0 la technique du trompe-l'\u0153il, elle g\u00e9n\u00e8re un r\u00e9sultat hyperr\u00e9aliste qui nous transportera dans les rues du Portugal.<\/div>\n<\/div>","_et_gb_content_width":""},"product_brand":[],"product_cat":[616,550,596],"product_tag":[],"class_list":{"0":"post-45210","1":"product","2":"type-product","3":"status-publish","4":"has-post-thumbnail","6":"product_cat-decoration-murale","7":"product_cat-collection-portugal","8":"product_cat-murale-decorative-portugal-fr","10":"first","11":"instock","12":"taxable","13":"shipping-taxable","14":"purchasable","15":"product-type-variable"},"_links":{"self":[{"href":"https:\/\/nexointeriores.com\/fr\/wp-json\/wp\/v2\/product\/45210","targetHints":{"allow":["GET"]}}],"collection":[{"href":"https:\/\/nexointeriores.com\/fr\/wp-json\/wp\/v2\/product"}],"about":[{"href":"https:\/\/nexointeriores.com\/fr\/wp-json\/wp\/v2\/types\/product"}],"wp:featuredmedia":[{"embeddable":true,"href":"https:\/\/nexointeriores.com\/fr\/wp-json\/wp\/v2\/media\/28889"}],"wp:attachment":[{"href":"https:\/\/nexointeriores.com\/fr\/wp-json\/wp\/v2\/media?parent=45210"}],"wp:term":[{"taxonomy":"product_brand","embeddable":true,"href":"https:\/\/nexointeriores.com\/fr\/wp-json\/wp\/v2\/product_brand?post=45210"},{"taxonomy":"product_cat","embeddable":true,"href":"https:\/\/nexointeriores.com\/fr\/wp-json\/wp\/v2\/product_cat?post=45210"},{"taxonomy":"product_tag","embeddable":true,"href":"https:\/\/nexointeriores.com\/fr\/wp-json\/wp\/v2\/product_tag?post=45210"}],"curies":[{"name":"wp","href":"https:\/\/api.w.org\/{rel}","templated":true}]}}