{"id":44968,"date":"2022-06-21T13:45:50","date_gmt":"2022-06-21T11:45:50","guid":{"rendered":"https:\/\/nexointeriores.com\/producto\/credence-cuisine-adhesive-alfama\/"},"modified":"2024-02-27T10:46:17","modified_gmt":"2024-02-27T09:46:17","slug":"credence-cuisine-adhesive-alfama","status":"publish","type":"product","link":"https:\/\/nexointeriores.com\/fr\/produit\/credence-cuisine-adhesive-alfama\/","title":{"rendered":"Cr\u00e9dence Cuisine Adh\u00e9sive \u2013 Alfama"},"content":{"rendered":"<p>[et_pb_section fb_built=&#8221;1&#8243; module_id=&#8221;ecommerce-custom-header&#8221; _builder_version=&#8221;4.16&#8243; custom_margin=&#8221;||86px|||&#8221; global_colors_info=&#8221;{}&#8221;][et_pb_row _builder_version=&#8221;4.16&#8243; global_colors_info=&#8221;{}&#8221;][et_pb_column type=&#8221;4_4&#8243; _builder_version=&#8221;4.16&#8243; global_colors_info=&#8221;{}&#8221;][et_pb_wc_title _builder_version=&#8221;4.17.4&#8243; header_level=&#8221;h6&#8243; header_font=&#8221;||||||||&#8221; header_text_align=&#8221;center&#8221; header_text_color=&#8221;#000000&#8243; header_font_size=&#8221;26px&#8221; custom_margin=&#8221;||10px||false|false&#8221; global_colors_info=&#8221;{}&#8221;][\/et_pb_wc_title][et_pb_wc_breadcrumb _builder_version=&#8221;4.16&#8243; text_orientation=&#8221;center&#8221; global_colors_info=&#8221;{}&#8221;][\/et_pb_wc_breadcrumb][\/et_pb_column][\/et_pb_row][\/et_pb_section][et_pb_section fb_built=&#8221;1&#8243; _builder_version=&#8221;4.18.0&#8243; custom_padding=&#8221;0px||0px||false|false&#8221; custom_css_main_element=&#8221;margin:0;&#8221; global_colors_info=&#8221;{}&#8221;][et_pb_row _builder_version=&#8221;4.17.4&#8243; width=&#8221;90%&#8221; max_width=&#8221;100%&#8221; custom_padding=&#8221;0px||0px|||&#8221; global_colors_info=&#8221;{}&#8221;][et_pb_column type=&#8221;4_4&#8243; _builder_version=&#8221;4.16&#8243; global_colors_info=&#8221;{}&#8221;][et_pb_wc_cart_notice _builder_version=&#8221;4.17.4&#8243; width=&#8221;71%&#8221; global_colors_info=&#8221;{}&#8221;][\/et_pb_wc_cart_notice][\/et_pb_column][\/et_pb_row][et_pb_row column_structure=&#8221;1_2,1_2&#8243; use_custom_gutter=&#8221;on&#8221; gutter_width=&#8221;4&#8243; make_equal=&#8221;on&#8221; _builder_version=&#8221;4.17.4&#8243; width=&#8221;90%&#8221; max_width=&#8221;100%&#8221; custom_padding=&#8221;||||false|false&#8221; global_colors_info=&#8221;{}&#8221;][et_pb_column type=&#8221;1_2&#8243; _builder_version=&#8221;4.17.4&#8243; custom_padding=&#8221;|2%|||false|false&#8221; global_colors_info=&#8221;{}&#8221;][et_pb_wc_images show_sale_badge=&#8221;off&#8221; _builder_version=&#8221;4.17.4&#8243; custom_padding=&#8221;|0px||||&#8221; hover_transition_duration=&#8221;0ms&#8221; border_width_all_image=&#8221;2px&#8221; border_color_all_image=&#8221;#b7cec4&#8243; global_colors_info=&#8221;{}&#8221;][\/et_pb_wc_images][\/et_pb_column][et_pb_column type=&#8221;1_2&#8243; _builder_version=&#8221;4.17.4&#8243; custom_padding=&#8221;|||2%|false|false&#8221; global_colors_info=&#8221;{}&#8221;][et_pb_wc_title _builder_version=&#8221;4.18.0&#8243; header_font=&#8221;|300|||||||&#8221; header_text_align=&#8221;left&#8221; custom_margin=&#8221;||27px|||&#8221; global_colors_info=&#8221;{}&#8221;][\/et_pb_wc_title][et_pb_wc_description _builder_version=&#8221;4.18.0&#8243; _module_preset=&#8221;default&#8221; body_font=&#8221;|300|||||||&#8221; width=&#8221;100%&#8221; custom_margin=&#8221;||25px||false|false&#8221; global_colors_info=&#8221;{}&#8221;][\/et_pb_wc_description][et_pb_text disabled_on=&#8221;off|off|off&#8221; _builder_version=&#8221;4.19.5&#8243; _module_preset=&#8221;default&#8221; width=&#8221;100%&#8221; global_colors_info=&#8221;{}&#8221;]<strong>Panneaux en aluminium avec impression UVI + vernis transparent<\/strong><\/p>\n<p>+ Haute r\u00e9sistence et durabilit\u00e9<br \/>\n+ Facile \u00e0 installer et \u00e0 nettoyer<br \/>\n+ Hypoallerg\u00e9nique<br \/>\n+ Adapt\u00e9 pour l\u2019ext\u00e9rieur<br \/>\n+ Imperm\u00e9able<br \/>\n+ R\u00e9sistant aux t\u00e2ches<br \/>\n+ Haute r\u00e9sistance \u00e0 la chaleur<br \/>\n+ Non adapt\u00e9 aux gazini\u00e8res<br \/>\n+ Epaisseur 3 mm<br \/>\n+ Design original et qualit\u00e9 HD<br \/>\n+ impression \u00e0 l\u2019encre UVI[\/et_pb_text][et_pb_wc_price _builder_version=&#8221;4.17.4&#8243; body_font=&#8221;|300|||||||&#8221; body_text_color=&#8221;#000000&#8243; body_font_size=&#8221;20px&#8221; text_orientation=&#8221;left&#8221; custom_margin=&#8221;||20px|||&#8221; global_colors_info=&#8221;{}&#8221;][\/et_pb_wc_price][et_pb_wc_add_to_cart field_label_position=&#8221;inline&#8221; _builder_version=&#8221;4.18.0&#8243; fields_custom_padding=&#8221;||||false|false&#8221; dropdown_menus_background_color=&#8221;RGBA(255,255,255,0)&#8221; field_label_font=&#8221;||||||||&#8221; field_label_text_color=&#8221;#000000&#8243; dropdown_menus_font_size=&#8221;13px&#8221; custom_button=&#8221;on&#8221; button_bg_color=&#8221;#b7cec4&#8243; button_border_width=&#8221;0px&#8221; button_use_icon=&#8221;off&#8221; width=&#8221;100%&#8221; custom_margin=&#8221;||21px|||&#8221; border_width_all_fields=&#8221;1px&#8221; border_color_all_fields=&#8221;#dddddd&#8221; border_width_all_dropdown_menus=&#8221;1px&#8221; border_color_all_dropdown_menus=&#8221;#e2e2e2&#8243; global_colors_info=&#8221;{}&#8221; button_bg_color__hover_enabled=&#8221;on|hover&#8221; button_bg_color__hover=&#8221;#6da379&#8243; button_bg_enable_color__hover=&#8221;on&#8221;][\/et_pb_wc_add_to_cart][et_pb_text _builder_version=&#8221;4.17.6&#8243; _module_preset=&#8221;default&#8221; text_text_color=&#8221;#8c8c8c&#8221; text_font_size=&#8221;11px&#8221; width=&#8221;70%&#8221; global_colors_info=&#8221;{}&#8221;]<\/p>\n<p>* Il peut y avoir des variations de couleur entre le produit final et les images \u00e0 l\u2019\u00e9cran, les mesures peuvent \u00eatre modifi\u00e9es en fonction du mod\u00e8le choisi.<\/p>\n<p>[\/et_pb_text][\/et_pb_column][\/et_pb_row][et_pb_row _builder_version=&#8221;4.18.0&#8243; _module_preset=&#8221;default&#8221; width=&#8221;90.2%&#8221; global_colors_info=&#8221;{}&#8221;][et_pb_column type=&#8221;4_4&#8243; _builder_version=&#8221;4.18.0&#8243; _module_preset=&#8221;default&#8221; global_colors_info=&#8221;{}&#8221;][et_pb_text disabled_on=&#8221;on|off|off&#8221; _builder_version=&#8221;4.19.5&#8243; _module_preset=&#8221;default&#8221; width=&#8221;100%&#8221; global_colors_info=&#8221;{}&#8221;]<\/p>\n<table class=\"tabla_iconos\" style=\"width: 100%;\">\n<tbody style=\"text-align: center;\">\n<tr style=\"text-align: center;\">\n<td style=\"width: 11.2094%;\"><img decoding=\"async\" class=\"alignnone size-full wp-image-12705\" src=\"https:\/\/nexointeriores.com\/wp-content\/uploads\/2022\/06\/resistente-a-roturas-icono-nexo.png\" alt=\"\" width=\"90\" height=\"90\" title=\"\"><\/td>\n<td style=\"width: 11.0128%;\"><img decoding=\"async\" class=\"alignnone size-full wp-image-12696\" src=\"https:\/\/nexointeriores.com\/wp-content\/uploads\/2022\/06\/hipoalergenico-icono-nexo.png\" alt=\"\" width=\"89\" height=\"90\" title=\"\"><\/td>\n<td style=\"width: 10.6195%;\"><img decoding=\"async\" class=\"alignnone size-full wp-image-12698\" src=\"https:\/\/nexointeriores.com\/wp-content\/uploads\/2022\/06\/espesor-nexo-copia.png\" alt=\"\" width=\"90\" height=\"89\" title=\"\"><\/td>\n<td style=\"width: 11.0128%;\"><img decoding=\"async\" class=\"alignnone size-full wp-image-12701\" src=\"https:\/\/nexointeriores.com\/wp-content\/uploads\/2022\/06\/apto-para-exterior-icono-nexo.png\" alt=\"\" width=\"89\" height=\"89\" title=\"\"><\/td>\n<td style=\"width: 11.2094%;\"><img decoding=\"async\" class=\"alignnone size-full wp-image-12699\" src=\"https:\/\/nexointeriores.com\/wp-content\/uploads\/2022\/06\/alta-resistencia-y-durabilidad-icono-nexo.png\" alt=\"\" width=\"89\" height=\"89\" title=\"\"><\/td>\n<td style=\"width: 10.6195%;\"><img decoding=\"async\" class=\"alignnone size-full wp-image-12712\" src=\"https:\/\/nexointeriores.com\/wp-content\/uploads\/2022\/06\/anti-manchas-icono-nexo.png\" alt=\"\" width=\"90\" height=\"89\" title=\"\"><\/td>\n<td style=\"width: 10.6195%;\"><img decoding=\"async\" class=\"alignnone size-full wp-image-12718\" src=\"https:\/\/nexointeriores.com\/wp-content\/uploads\/2022\/06\/impermeable-icono-nexo.png\" alt=\"\" width=\"90\" height=\"89\" title=\"\"><\/td>\n<td style=\"width: 10.9145%;\"><img decoding=\"async\" class=\"alignnone size-full wp-image-12716\" src=\"https:\/\/nexointeriores.com\/wp-content\/uploads\/2022\/06\/diseno-origunal-y-calidad-HD-icono-nexo.png\" alt=\"\" width=\"90\" height=\"89\" title=\"\"><\/td>\n<td style=\"width: 10.6195%;\"><img decoding=\"async\" class=\"alignnone size-full wp-image-12715\" src=\"https:\/\/nexointeriores.com\/wp-content\/uploads\/2022\/06\/listo-para-colocar-icono-nexo.png\" alt=\"\" width=\"90\" height=\"89\" title=\"\"><\/td>\n<\/tr>\n<tr style=\"text-align: center;\">\n<td style=\"width: 11.2094%;\">R\u00e9sistant <br \/>aux d\u00e9chirures<\/td>\n<td style=\"width: 11.0128%;\">Hypoallerg\u00e9nique<\/td>\n<td style=\"width: 10.6195%;\">Epaisseur <br \/>3 mm<\/td>\n<td style=\"width: 11.0128%;\">Adapt\u00e9 pour <br \/>l\u2019ext\u00e9rieur<\/td>\n<td style=\"width: 11.2094%;\">Haute r\u00e9sistence <br \/>et durabilit\u00e9<\/td>\n<td style=\"width: 10.6195%;\">R\u00e9sistant <br \/>aux t\u00e2ches<\/td>\n<td style=\"width: 10.6195%;\">Imperm\u00e9able<\/td>\n<td style=\"width: 10.9145%;\">design original <br \/>et qualit\u00e9 HD<\/td>\n<td style=\"width: 10.6195%;\">Pr\u00eat \u00e0 \u00eatre <br \/>install\u00e9<\/td>\n<\/tr>\n<tr>\n<td style=\"padding: 15px !important; width: 11.2094%;\">\u00a0<\/td>\n<td style=\"width: 11.0128%;\">\u00a0<\/td>\n<td style=\"width: 10.6195%;\">\u00a0<\/td>\n<td style=\"width: 11.0128%;\">\u00a0<\/td>\n<td style=\"width: 11.2094%;\">\u00a0<\/td>\n<td style=\"width: 10.6195%;\">\u00a0<\/td>\n<td style=\"width: 10.6195%;\">\u00a0<\/td>\n<td style=\"width: 10.9145%;\">\u00a0<\/td>\n<td style=\"width: 10.6195%;\">\u00a0<\/td>\n<\/tr>\n<tr style=\"height: 97px;\">\n<td style=\"width: 11.2094%;\"><img decoding=\"async\" class=\"alignnone size-full wp-image-12719\" src=\"https:\/\/nexointeriores.com\/wp-content\/uploads\/2022\/06\/alta-resistencia-al-calor-icono-nexo.png\" alt=\"\" width=\"90\" height=\"90\" title=\"\"><\/td>\n<td style=\"width: 11.0128%;\"><img decoding=\"async\" class=\"alignnone size-full wp-image-12713\" src=\"https:\/\/nexointeriores.com\/wp-content\/uploads\/2022\/06\/facil-limpieza-icono-nexo.png\" alt=\"\" width=\"90\" height=\"89\" title=\"\"><\/td>\n<td style=\"width: 10.6195%;\"><img decoding=\"async\" class=\"alignnone size-full wp-image-12707\" src=\"https:\/\/nexointeriores.com\/wp-content\/uploads\/2022\/06\/laminado-de-proteccion-icono-nexo.png\" alt=\"\" width=\"90\" height=\"89\" title=\"\"><\/td>\n<td style=\"width: 11.0128%;\"><img decoding=\"async\" class=\"alignnone size-full wp-image-12707\" src=\"https:\/\/nexointeriores.com\/wp-content\/uploads\/.\/cocina-de-gas-no-icono-nexo.png\" alt=\"\" width=\"90\" height=\"89\" title=\"\"><\/td>\n<td style=\"width: 11.2094%;\">\u00a0<\/td>\n<td style=\"width: 10.6195%;\">\u00a0<\/td>\n<td style=\"width: 10.6195%;\">\u00a0<\/td>\n<td style=\"width: 10.9145%;\">\u00a0<\/td>\n<td style=\"width: 10.6195%;\">\u00a0<\/td>\n<\/tr>\n<tr style=\"text-align: center;\">\n<td style=\"width: 11.2094%;\">Haute r\u00e9sistence<br \/>\u00e0 la chaleur<\/td>\n<td style=\"width: 11.0128%;\">Facile \u00e0<br \/>nettoyer<\/td>\n<td style=\"width: 10.6195%;\">Vernis de <br \/>protection<\/td>\n<td style=\"width: 11.0128%;\">Non adapt\u00e9 <br \/>\naux gazini\u00e8res<\/td>\n<td style=\"width: 11.2094%;\">\u00a0<\/td>\n<td style=\"width: 10.6195%;\">\u00a0<\/td>\n<td style=\"width: 10.6195%;\">\u00a0<\/td>\n<td style=\"width: 10.9145%;\">\u00a0<\/td>\n<td style=\"width: 10.6195%;\">\u00a0<\/td>\n<\/tr>\n<\/tbody>\n<\/table>\n<p>[\/et_pb_text][et_pb_text disabled_on=&#8221;off|on|on&#8221; _builder_version=&#8221;4.19.5&#8243; _module_preset=&#8221;default&#8221; width=&#8221;100%&#8221; global_colors_info=&#8221;{}&#8221;]<\/p>\n<table class=\"tabla_iconos\" style=\"width: 100%;\">\n<tbody style=\"text-align: center;\">\n<tr style=\"height: 97px;\">\n<td style=\"height: 97px; width: 48.1809%;\"><img decoding=\"async\" class=\"alignnone size-full wp-image-12705\" src=\"https:\/\/nexointeriores.com\/wp-content\/uploads\/2022\/06\/resistente-a-roturas-icono-nexo.png\" alt=\"\" width=\"90\" height=\"90\" title=\"\"><\/td>\n<td style=\"height: 97px; width: 51.0324%;\"><img decoding=\"async\" class=\"alignnone size-full wp-image-12696\" src=\"https:\/\/nexointeriores.com\/wp-content\/uploads\/2022\/06\/hipoalergenico-icono-nexo.png\" alt=\"\" width=\"89\" height=\"90\" title=\"\"><\/td>\n<\/tr>\n<tr style=\"text-align: center;\">\n<td style=\"height: 47px; width: 48.1809%;\">R\u00e9sistant <br \/>aux d\u00e9chirures<\/td>\n<td style=\"height: 47px; width: 51.0324%;\">Hypoallerg\u00e9nique<\/td>\n<\/tr>\n<tr style=\"height: 96px;\">\n<td style=\"height: 96px; width: 48.1809%;\"><img decoding=\"async\" class=\"alignnone size-full wp-image-12698\" src=\"https:\/\/nexointeriores.com\/wp-content\/uploads\/2022\/06\/espesor-nexo-copia.png\" alt=\"\" width=\"90\" height=\"89\" title=\"\"><\/td>\n<td style=\"height: 96px; width: 51.0324%;\"><img decoding=\"async\" class=\"alignnone size-full wp-image-12701\" src=\"https:\/\/nexointeriores.com\/wp-content\/uploads\/2022\/06\/apto-para-exterior-icono-nexo.png\" alt=\"\" width=\"89\" height=\"89\" title=\"\"><\/td>\n<\/tr>\n<tr style=\"height: 47px;\">\n<td style=\"height: 47px; width: 48.1809%;\">Epaisseur <br \/>3 mm<\/td>\n<td style=\"height: 47px; width: 51.0324%;\">Adapt\u00e9 pour <br \/>l\u2019ext\u00e9rieur<\/td>\n<\/tr>\n<tr style=\"height: 96px;\">\n<td style=\"height: 96px; width: 48.1809%;\"><img decoding=\"async\" class=\"alignnone size-full wp-image-12699\" src=\"https:\/\/nexointeriores.com\/wp-content\/uploads\/2022\/06\/alta-resistencia-y-durabilidad-icono-nexo.png\" alt=\"\" width=\"89\" height=\"89\" title=\"\"><\/td>\n<td style=\"height: 96px; width: 51.0324%;\"><img decoding=\"async\" class=\"alignnone size-full wp-image-12712\" src=\"https:\/\/nexointeriores.com\/wp-content\/uploads\/2022\/06\/anti-manchas-icono-nexo.png\" alt=\"\" width=\"90\" height=\"89\" title=\"\"><\/td>\n<\/tr>\n<tr style=\"height: 47px;\">\n<td style=\"height: 47px; width: 48.1809%;\">Haute r\u00e9sistence <br \/>et durabilit\u00e9<\/td>\n<td style=\"height: 47px; width: 51.0324%;\">R\u00e9sistant aux <br \/>t\u00e2ches<\/td>\n<\/tr>\n<tr style=\"height: 96px;\">\n<td style=\"height: 96px; width: 48.1809%;\"><img decoding=\"async\" class=\"alignnone size-full wp-image-12718\" src=\"https:\/\/nexointeriores.com\/wp-content\/uploads\/2022\/06\/impermeable-icono-nexo.png\" alt=\"\" width=\"90\" height=\"89\" title=\"\"><\/td>\n<td style=\"height: 96px; width: 51.0324%;\"><img decoding=\"async\" class=\"alignnone size-full wp-image-12716\" src=\"https:\/\/nexointeriores.com\/wp-content\/uploads\/2022\/06\/diseno-origunal-y-calidad-HD-icono-nexo.png\" alt=\"\" width=\"90\" height=\"89\" title=\"\"><\/td>\n<\/tr>\n<tr style=\"height: 47px;\">\n<td style=\"height: 47px; width: 48.1809%;\">Imperm\u00e9able<\/td>\n<td style=\"height: 47px; width: 51.0324%;\">Design original <br \/>et qualit\u00e9 HD<\/td>\n<\/tr>\n<tr style=\"height: 97px;\">\n<td style=\"height: 97px; width: 48.1809%;\"><img decoding=\"async\" class=\"alignnone size-full wp-image-12715\" src=\"https:\/\/nexointeriores.com\/wp-content\/uploads\/2022\/06\/listo-para-colocar-icono-nexo.png\" alt=\"\" width=\"90\" height=\"89\" title=\"\"><\/td>\n<td style=\"height: 97px; width: 51.0324%;\"><img decoding=\"async\" class=\"alignnone size-full wp-image-12719\" src=\"https:\/\/nexointeriores.com\/wp-content\/uploads\/2022\/06\/alta-resistencia-al-calor-icono-nexo.png\" alt=\"\" width=\"90\" height=\"90\" title=\"\"><\/td>\n<\/tr>\n<tr style=\"height: 47px;\">\n<td style=\"height: 47px; width: 48.1809%;\">Pr\u00eat \u00e0 \u00eatre<br \/>install\u00e9<\/td>\n<td style=\"height: 47px; width: 51.0324%;\">Haute r\u00e9sistence<br \/>\u00e0 la chaleur<\/td>\n<\/tr>\n<tr style=\"height: 96px;\">\n<td style=\"height: 96px; width: 48.1809%;\"><img decoding=\"async\" class=\"alignnone size-full wp-image-12713\" src=\"https:\/\/nexointeriores.com\/wp-content\/uploads\/2022\/06\/facil-limpieza-icono-nexo.png\" alt=\"\" width=\"90\" height=\"89\" title=\"\"><\/td>\n<td style=\"height: 96px; width: 51.0324%;\"><img decoding=\"async\" class=\"alignnone size-full wp-image-12707\" src=\"https:\/\/nexointeriores.com\/wp-content\/uploads\/2022\/06\/laminado-de-proteccion-icono-nexo.png\" alt=\"\" width=\"90\" height=\"89\" title=\"\"><\/td>\n<\/tr>\n<tr style=\"height: 47px;\">\n<td style=\"height: 47px; width: 48.1809%;\">Facile \u00e0<br \/>nettoyer<\/td>\n<td style=\"height: 47px; width: 51.0324%;\">Vernis de <br \/>protection<\/td>\n<\/tr>\n<tr style=\"height: 96px;\">\n<td style=\"height: 96px; width: 48.1809%;\"><img decoding=\"async\" class=\"alignnone size-full wp-image-12713\" src=\"https:\/\/nexointeriores.com\/wp-content\/uploads\/.\/cocina-de-gas-no-icono-nexo.png\" alt=\"\" width=\"90\" height=\"89\" title=\"\"><\/td>\n<td style=\"height: 96px; width: 51.0324%;\">\u00a0<\/td>\n<\/tr>\n<tr style=\"height: 47px;\">\n<td style=\"height: 47px; width: 48.1809%;\">Non adapt\u00e9 <br \/>aux gazini\u00e8res<\/td>\n<td style=\"height: 47px; width: 51.0324%;\">\u00a0<\/td>\n<\/tr>\n<\/tbody>\n<\/table>\n<p>[\/et_pb_text][\/et_pb_column][\/et_pb_row][\/et_pb_section][et_pb_section fb_built=&#8221;1&#8243; _builder_version=&#8221;4.18.0&#8243; _module_preset=&#8221;default&#8221; background_color=&#8221;#f3ece3&#8243; custom_padding=&#8221;0px|||||&#8221; global_colors_info=&#8221;{}&#8221;][et_pb_row _builder_version=&#8221;4.18.0&#8243; _module_preset=&#8221;default&#8221; width=&#8221;91.1%&#8221; global_colors_info=&#8221;{}&#8221;][et_pb_column type=&#8221;4_4&#8243; _builder_version=&#8221;4.18.0&#8243; _module_preset=&#8221;default&#8221; global_colors_info=&#8221;{}&#8221;][et_pb_wc_description description_type=&#8221;description&#8221; _builder_version=&#8221;4.18.0&#8243; _module_preset=&#8221;default&#8221; width=&#8221;99.8%&#8221; min_height=&#8221;192.1px&#8221; custom_margin=&#8221;|||1px||&#8221; global_colors_info=&#8221;{}&#8221;][\/et_pb_wc_description][\/et_pb_column][\/et_pb_row][et_pb_row _builder_version=&#8221;4.18.0&#8243; _module_preset=&#8221;default&#8221; width=&#8221;90.7%&#8221; global_colors_info=&#8221;{}&#8221;][et_pb_column type=&#8221;4_4&#8243; _builder_version=&#8221;4.18.0&#8243; _module_preset=&#8221;default&#8221; global_colors_info=&#8221;{}&#8221;][et_pb_text _builder_version=&#8221;4.19.5&#8243; _module_preset=&#8221;default&#8221; width=&#8221;100%&#8221; custom_padding=&#8221;||0px|||&#8221; border_width_top=&#8221;1px&#8221; border_color_top=&#8221;#cecece&#8221; border_width_bottom=&#8221;2px&#8221; border_color_bottom=&#8221;#cecece&#8221; global_colors_info=&#8221;{}&#8221;]<\/p>\n<table style=\"width:100%\">\n<tr style=\"background: #eae5de\">\n<td style=\"text-align: center\">Finition<\/td>\n<td>Satin\u00e9e.<\/td>\n<\/tr>\n<tr>\n<td style=\"text-align: center\">Tailles<\/td>\n<td>\n<p>1 Bordure 1040 x 280 mm, Pack: Cr\u00e9dence Cuisine 650 x 700 mm + 2 Bordures, Pack: Cr\u00e9dence Cuisine 900 x 700 mm + 2 Bordures, Cr\u00e9dence Cuisine 650 x 700 mm, Cr\u00e9dence Cuisine 900 x 700 mm\n<\/td>\n<\/tr>\n<\/table>\n<p>[\/et_pb_text][\/et_pb_column][\/et_pb_row][et_pb_row column_structure=&#8221;1_2,1_2&#8243; _builder_version=&#8221;4.19.1&#8243; _module_preset=&#8221;default&#8221; global_colors_info=&#8221;{}&#8221;][et_pb_column type=&#8221;1_2&#8243; _builder_version=&#8221;4.19.1&#8243; _module_preset=&#8221;default&#8221; global_colors_info=&#8221;{}&#8221;][et_pb_text _builder_version=&#8221;4.19.5&#8243; _module_preset=&#8221;default&#8221; global_colors_info=&#8221;{}&#8221;]<\/p>\n<p><img decoding=\"async\" class=\"wp-image-49552 aligncenter size-full\" src=\"https:\/\/nexointeriores.com\/wp-content\/uploads\/colocacion_frontis_fr-1.png\" alt=\"\" width=\"750\" height=\"500\" title=\"\"><\/p>\n<p>[\/et_pb_text][\/et_pb_column][et_pb_column type=&#8221;1_2&#8243; _builder_version=&#8221;4.19.1&#8243; _module_preset=&#8221;default&#8221; global_colors_info=&#8221;{}&#8221;][et_pb_text _builder_version=&#8221;4.19.5&#8243; _module_preset=&#8221;default&#8221; global_colors_info=&#8221;{}&#8221;]<\/p>\n<p><img decoding=\"async\" class=\"wp-image-49555 aligncenter size-full\" src=\"https:\/\/nexointeriores.com\/wp-content\/uploads\/colocacion_frontis_2_fr-2.png\" alt=\"\" width=\"750\" height=\"500\" title=\"\"><\/p>\n<p>[\/et_pb_text][\/et_pb_column][\/et_pb_row][\/et_pb_section][et_pb_section fb_built=&#8221;1&#8243; _builder_version=&#8221;4.18.0&#8243; _module_preset=&#8221;default&#8221; global_colors_info=&#8221;{}&#8221;][et_pb_row _builder_version=&#8221;4.18.0&#8243; _module_preset=&#8221;default&#8221; global_colors_info=&#8221;{}&#8221;][et_pb_column type=&#8221;4_4&#8243; _builder_version=&#8221;4.18.0&#8243; _module_preset=&#8221;default&#8221; global_colors_info=&#8221;{}&#8221;][et_pb_wc_related_products _builder_version=&#8221;4.16&#8243; global_colors_info=&#8221;{}&#8221;][\/et_pb_wc_related_products][\/et_pb_column][\/et_pb_row][\/et_pb_section]<\/p>\n","protected":false},"excerpt":{"rendered":"<p>Credence de cuisine imprim\u00e9 sur de l&#8217;aluminium r\u00e9sistant aux hautes temp\u00e9ratures, illustrant le style baroque portugais que l&#8217;on retrouve sur une fa\u00e7ade d&#8217;Alfama, \u00e0 Lisbonne. Donnez \u00e0 votre cuisine une touche de pur style portugais.<br \/>\nFinition satin\u00e9e.<\/p>\n","protected":false},"featured_media":31241,"template":"","meta":{"_et_pb_use_builder":"on","_et_pb_old_content":"<div class=\"dscProductL\">\r\n\r\nPanel bicolor ilustrativo del barroco portugues reproducido de una fachada de Alfama, Lisboa.Este panel se encuentra originalmene \u201clargo de Santa Marinha\u201d, una calle de Alfama.\r\n\r\nEl panel de cocina Alfama, est\u00e1 fabricado en aluminio (resistente a altas temperaturas) y dise\u00f1ado con la t\u00e9cnica del trampantojo, generando as\u00ed un resultado hiperrealista que nos traslada al coraz\u00f3n de Portugal.\r\n\r\nEl modelo Alfama est\u00e1 disponible en dos medidas diferentes, para su mejor adaptaci\u00f3n a cualquier espacio y estilo de tu cocina.\r\n\r\n<\/div>\r\n<div class=\"dscProductL\" style=\"text-align: center\">\r\n<div class=\"muestrasDescripcion\"><\/div>\r\n<\/div>","_et_gb_content_width":""},"product_brand":[],"product_cat":[626,550,598],"product_tag":[],"class_list":{"0":"post-44968","1":"product","2":"type-product","3":"status-publish","4":"has-post-thumbnail","6":"product_cat-credence-cuisine","7":"product_cat-collection-portugal","8":"product_cat-credence-cuisine-portugal-fr","10":"first","11":"instock","12":"taxable","13":"shipping-taxable","14":"purchasable","15":"product-type-variable"},"_links":{"self":[{"href":"https:\/\/nexointeriores.com\/fr\/wp-json\/wp\/v2\/product\/44968","targetHints":{"allow":["GET"]}}],"collection":[{"href":"https:\/\/nexointeriores.com\/fr\/wp-json\/wp\/v2\/product"}],"about":[{"href":"https:\/\/nexointeriores.com\/fr\/wp-json\/wp\/v2\/types\/product"}],"wp:featuredmedia":[{"embeddable":true,"href":"https:\/\/nexointeriores.com\/fr\/wp-json\/wp\/v2\/media\/31241"}],"wp:attachment":[{"href":"https:\/\/nexointeriores.com\/fr\/wp-json\/wp\/v2\/media?parent=44968"}],"wp:term":[{"taxonomy":"product_brand","embeddable":true,"href":"https:\/\/nexointeriores.com\/fr\/wp-json\/wp\/v2\/product_brand?post=44968"},{"taxonomy":"product_cat","embeddable":true,"href":"https:\/\/nexointeriores.com\/fr\/wp-json\/wp\/v2\/product_cat?post=44968"},{"taxonomy":"product_tag","embeddable":true,"href":"https:\/\/nexointeriores.com\/fr\/wp-json\/wp\/v2\/product_tag?post=44968"}],"curies":[{"name":"wp","href":"https:\/\/api.w.org\/{rel}","templated":true}]}}