{"id":32537,"date":"2022-06-30T16:40:25","date_gmt":"2022-06-30T14:40:25","guid":{"rendered":"https:\/\/nexointeriores.com\/professionnels-santosbrezo\/"},"modified":"2023-03-17T15:35:19","modified_gmt":"2023-03-17T14:35:19","slug":"professionnels-santosbrezo","status":"publish","type":"page","link":"https:\/\/nexointeriores.com\/fr\/professionnels-santosbrezo\/","title":{"rendered":"Professionnels-SantosBrezo"},"content":{"rendered":"<p>[et_pb_section fb_built=&#8221;1&#8243; fullwidth=&#8221;on&#8221; _builder_version=&#8221;4.17.4&#8243; _module_preset=&#8221;default&#8221; global_colors_info=&#8221;{}&#8221;][et_pb_fullwidth_image src=&#8221;https:\/\/nexointeriores.com\/wp-content\/uploads\/2022\/06\/00-IMG-NEXO-COCINAS-SANTOS-1.jpg&#8221; title_text=&#8221; &#8221; _builder_version=&#8221;4.17.4&#8243; _module_preset=&#8221;default&#8221; global_colors_info=&#8221;{}&#8221;][\/et_pb_fullwidth_image][\/et_pb_section][et_pb_section fb_built=&#8221;1&#8243; admin_label=&#8221;Section &#8211; Shop category cta&#8221; _builder_version=&#8221;4.17.4&#8243; background_color=&#8221;rgba(231,223,210,0.61)&#8221; custom_padding=&#8221;0px||||false|false&#8221; top_divider_color=&#8221;#f2e9e3&#8243; top_divider_height=&#8221;30px&#8221; top_divider_repeat=&#8221;1x&#8221; collapsed=&#8221;off&#8221; global_colors_info=&#8221;{}&#8221;][et_pb_row custom_padding_last_edited=&#8221;on|phone&#8221; _builder_version=&#8221;4.17.4&#8243; _module_preset=&#8221;default&#8221; width=&#8221;18.2%&#8221; width_tablet=&#8221;18.2%&#8221; width_phone=&#8221;59.3%&#8221; width_last_edited=&#8221;on|phone&#8221; min_height=&#8221;73px&#8221; custom_margin=&#8221;|auto|61px|auto||&#8221; custom_margin_tablet=&#8221;|auto|61px|auto||&#8221; custom_margin_phone=&#8221;0px||191px||false|false&#8221; custom_margin_last_edited=&#8221;on|phone&#8221; custom_padding=&#8221;0px||||false|false&#8221; custom_padding_tablet=&#8221;0px||||false|false&#8221; custom_padding_phone=&#8221;33px||||false|false&#8221; global_colors_info=&#8221;{}&#8221;][et_pb_column type=&#8221;4_4&#8243; _builder_version=&#8221;4.17.4&#8243; _module_preset=&#8221;default&#8221; global_colors_info=&#8221;{}&#8221;][et_pb_image src=&#8221;https:\/\/nexointeriores.com\/wp-content\/uploads\/2022\/06\/logo-santos-brezo-png.png&#8221; title_text=&#8221;https:\/\/santosbrezo.com\/&#8221; url=&#8221;https:\/\/santosbrezo.com\/&#8221; url_new_window=&#8221;on&#8221; _builder_version=&#8221;4.17.4&#8243; _module_preset=&#8221;default&#8221; custom_padding=&#8221;73px|||||&#8221; custom_padding_tablet=&#8221;73px|||||&#8221; custom_padding_phone=&#8221;7px||||false|false&#8221; custom_padding_last_edited=&#8221;on|phone&#8221; global_colors_info=&#8221;{}&#8221;][\/et_pb_image][\/et_pb_column][\/et_pb_row][et_pb_row column_structure=&#8221;1_2,1_2&#8243; _builder_version=&#8221;4.17.4&#8243; _module_preset=&#8221;default&#8221; background_color=&#8221;#d8e4dc&#8221; custom_padding=&#8221;16px||6px|||&#8221; global_colors_info=&#8221;{}&#8221;][et_pb_column type=&#8221;1_2&#8243; _builder_version=&#8221;4.17.4&#8243; _module_preset=&#8221;default&#8221; global_colors_info=&#8221;{}&#8221;][et_pb_image src=&#8221;https:\/\/nexointeriores.com\/wp-content\/uploads\/2022\/06\/01-IMG-NEXO-COCINAS-SANTOS.jpg&#8221; title_text=&#8221; &#8221; _builder_version=&#8221;4.18.0&#8243; _module_preset=&#8221;default&#8221; width=&#8221;74.1%&#8221; width_tablet=&#8221;74.1%&#8221; width_phone=&#8221;100%&#8221; width_last_edited=&#8221;on|phone&#8221; min_height=&#8221;218.9px&#8221; min_height_tablet=&#8221;218.9px&#8221; min_height_phone=&#8221;100px&#8221; min_height_last_edited=&#8221;on|phone&#8221; custom_margin=&#8221;-228px||68px|||&#8221; custom_margin_tablet=&#8221;-228px||68px|||&#8221; custom_margin_phone=&#8221;-193px||0px||false|false&#8221; custom_margin_last_edited=&#8221;on|phone&#8221; custom_padding=&#8221;0px|57px|0px|57px||&#8221; global_colors_info=&#8221;{}&#8221;][\/et_pb_image][\/et_pb_column][et_pb_column type=&#8221;1_2&#8243; _builder_version=&#8221;4.17.4&#8243; _module_preset=&#8221;default&#8221; global_colors_info=&#8221;{}&#8221;][et_pb_text _builder_version=&#8221;4.17.4&#8243; _module_preset=&#8221;default&#8221; width=&#8221;100%&#8221; min_height=&#8221;148.8px&#8221; custom_margin=&#8221;48px|-24px||-170px||&#8221; custom_margin_tablet=&#8221;48px|-24px||-170px||&#8221; custom_margin_phone=&#8221;-22px|46px||16px|false|false&#8221; custom_margin_last_edited=&#8221;on|phone&#8221; custom_padding=&#8221;0px|40px|||false|false&#8221; global_colors_info=&#8221;{}&#8221;]<\/p>\n<p>La cuisine est probablement la pi\u00e8ce ma\u00eetresse de la maison, et bien s\u00fbr, ses \u00e9quipements sont soumis \u00e0 un travail intense. Lorsque nous concevons une cuisine, nous gardons \u00e0 l&#8217;esprit ce que sera son utilit\u00e9 ou sa qualit\u00e9 fonctionnelle, nous s\u00e9parons les qualit\u00e9s pertinentes des qualit\u00e9s int\u00e9ressantes, la simplification, l&#8217;organisation et la synth\u00e8se des formes n&#8217;est pas aussi simple qu&#8217;il n&#8217;y para\u00eet \u00e0 premi\u00e8re vue, elle exige des connaissances, de la m\u00e9thode et des objectifs clairs de ce que l&#8217;on recherche.<\/p>\n<p>Est simple ce qui est n\u00e9 simple.<\/p>\n<p>[\/et_pb_text][\/et_pb_column][\/et_pb_row][et_pb_row _builder_version=&#8221;4.17.4&#8243; _module_preset=&#8221;default&#8221; global_colors_info=&#8221;{}&#8221;][et_pb_column type=&#8221;4_4&#8243; _builder_version=&#8221;4.17.4&#8243; _module_preset=&#8221;default&#8221; global_colors_info=&#8221;{}&#8221;][et_pb_text _builder_version=&#8221;4.17.4&#8243; _module_preset=&#8221;default&#8221; global_colors_info=&#8221;{}&#8221;]<\/p>\n<p>Chez SANTOS BREZO, nous concevons la distribution des autres espaces de la maison tels que le salon, la salle de bain, les espaces de vie, les armoires, etc., le tout avec la m\u00eame politique de qualit\u00e9, de design et de fonctionnalit\u00e9 qui nous caract\u00e9rise et avec tous les \u00e9l\u00e9ments pour cr\u00e9er l&#8217;atmosph\u00e8re qui s&#8217;adapte le mieux \u00e0 vos besoins.<br \/>Dans nos salle d&#8217;exposition, vous pouvez toucher les finitions, sentir les textures et les couleurs.<br \/>Nous sommes dans l&#8217;Avda. de Alfonso XIII 182 Madrid et dans la Calle Ferial n\u00ba2 Madrid. Et nos num\u00e9ros de t\u00e9l\u00e9phone de contact sont le 949 218 031 et le 913 598 621.<br \/>Notre service apr\u00e8s-vente garantit la tranquillit\u00e9 d&#8217;esprit de nos clients.<\/p>\n<p>[\/et_pb_text][\/et_pb_column][\/et_pb_row][\/et_pb_section][et_pb_section fb_built=&#8221;1&#8243; admin_label=&#8221;Section &#8211; Shop category cta&#8221; _builder_version=&#8221;4.17.4&#8243; background_color=&#8221;rgba(231,223,210,0.61)&#8221; custom_padding=&#8221;0px||3px||false|false&#8221; top_divider_color=&#8221;#f2e9e3&#8243; top_divider_height=&#8221;30px&#8221; top_divider_repeat=&#8221;1x&#8221; collapsed=&#8221;off&#8221; global_colors_info=&#8221;{}&#8221;][et_pb_row _builder_version=&#8221;4.17.4&#8243; width=&#8221;90%&#8221; max_width=&#8221;100%&#8221; custom_padding=&#8221;||10px|&#8221; global_colors_info=&#8221;{}&#8221;][et_pb_column type=&#8221;4_4&#8243; _builder_version=&#8221;4.16&#8243; custom_padding=&#8221;|||&#8221; global_colors_info=&#8221;{}&#8221; custom_padding__hover=&#8221;|||&#8221;][et_pb_text admin_label=&#8221;Default Header&#8221; module_class=&#8221;default-header&#8221; _builder_version=&#8221;4.17.4&#8243; text_font_size=&#8221;16px&#8221; header_font=&#8221;Playfair Display||||||||&#8221; header_font_size=&#8221;23px&#8221; module_alignment=&#8221;right&#8221; custom_margin=&#8221;||||false|false&#8221; custom_padding=&#8221;||||false|false&#8221; global_colors_info=&#8221;{}&#8221;]<\/p>\n<h1>Projets professionnels sur mesure<\/h1>\n<p>&nbsp;<\/p>\n<p>[\/et_pb_text][et_pb_text _builder_version=&#8221;4.17.4&#8243; _module_preset=&#8221;default&#8221; global_colors_info=&#8221;{}&#8221;]<\/p>\n<p>&nbsp;<\/p>\n<p>&nbsp;<\/p>\n<p>&nbsp;<\/p>\n<p>[\/et_pb_text][\/et_pb_column][\/et_pb_row][et_pb_row column_structure=&#8221;1_2,1_2&#8243; _builder_version=&#8221;4.17.4&#8243; _module_preset=&#8221;default&#8221; background_color=&#8221;#d8e4dc&#8221; custom_padding=&#8221;16px||6px|||&#8221; global_colors_info=&#8221;{}&#8221;][et_pb_column type=&#8221;1_2&#8243; _builder_version=&#8221;4.17.4&#8243; _module_preset=&#8221;default&#8221; global_colors_info=&#8221;{}&#8221;][et_pb_image src=&#8221;https:\/\/nexointeriores.com\/wp-content\/uploads\/2022\/06\/02-IMG-NEXO-COCINAS-SANTOS.jpg&#8221; title_text=&#8221; &#8221; _builder_version=&#8221;4.17.4&#8243; _module_preset=&#8221;default&#8221; width=&#8221;74.1%&#8221; width_tablet=&#8221;74.1%&#8221; width_phone=&#8221;100%&#8221; width_last_edited=&#8221;on|phone&#8221; custom_margin=&#8221;-113px||53px|||&#8221; custom_padding=&#8221;|57px|0px|57px||&#8221; global_colors_info=&#8221;{}&#8221;][\/et_pb_image][\/et_pb_column][et_pb_column type=&#8221;1_2&#8243; _builder_version=&#8221;4.17.4&#8243; _module_preset=&#8221;default&#8221; global_colors_info=&#8221;{}&#8221;][et_pb_text _builder_version=&#8221;4.17.4&#8243; _module_preset=&#8221;default&#8221; width=&#8221;95.7%&#8221; min_height=&#8221;49.8px&#8221; custom_margin=&#8221;83px|-146px||-128px||&#8221; custom_margin_tablet=&#8221;83px|-146px||-128px||&#8221; custom_margin_phone=&#8221;-49px|0px||15px|false|false&#8221; custom_margin_last_edited=&#8221;on|phone&#8221; custom_padding=&#8221;0px|3px||||&#8221; custom_padding_tablet=&#8221;0px|3px||||&#8221; custom_padding_phone=&#8221;0px|0px|||false|false&#8221; custom_padding_last_edited=&#8221;on|phone&#8221; global_colors_info=&#8221;{}&#8221;]<\/p>\n<p>&#8230;donner de l&#8217;\u00e9l\u00e9gance et une touche chic \u00e0 votre cuisine<\/p>\n<p>[\/et_pb_text][\/et_pb_column][\/et_pb_row][et_pb_row column_structure=&#8221;1_2,1_2&#8243; _builder_version=&#8221;4.17.4&#8243; _module_preset=&#8221;default&#8221; width=&#8221;72.2%&#8221; global_colors_info=&#8221;{}&#8221;][et_pb_column type=&#8221;1_2&#8243; _builder_version=&#8221;4.17.4&#8243; _module_preset=&#8221;default&#8221; global_colors_info=&#8221;{}&#8221;][et_pb_image src=&#8221;https:\/\/nexointeriores.com\/wp-content\/uploads\/2022\/06\/03-IMG-NEXO-COCINAS-SANTOS.jpg&#8221; title_text=&#8221; &#8221; _builder_version=&#8221;4.17.4&#8243; _module_preset=&#8221;default&#8221; width=&#8221;100%&#8221; custom_margin=&#8221;211px|||1px||&#8221; custom_margin_tablet=&#8221;211px|||1px||&#8221; custom_margin_phone=&#8221;21px|||1px|false|false&#8221; custom_margin_last_edited=&#8221;on|phone&#8221; custom_padding=&#8221;|70px||0px||&#8221; custom_padding_tablet=&#8221;|70px||0px||&#8221; custom_padding_phone=&#8221;|0px|||false|false&#8221; custom_padding_last_edited=&#8221;on|phone&#8221; global_colors_info=&#8221;{}&#8221;][\/et_pb_image][et_pb_text _builder_version=&#8221;4.17.4&#8243; _module_preset=&#8221;default&#8221; header_6_font_size=&#8221;12px&#8221; width=&#8221;78.5%&#8221; width_tablet=&#8221;78.5%&#8221; width_phone=&#8221;100%&#8221; width_last_edited=&#8221;on|phone&#8221; custom_margin_tablet=&#8221;&#8221; custom_margin_phone=&#8221;|0px||0px|false|false&#8221; custom_margin_last_edited=&#8221;on|phone&#8221; global_colors_info=&#8221;{}&#8221;]<\/p>\n<h6 style=\"text-align: right;\"><span style=\"color: #000000;\">Cr\u00e9dence Cuisine<\/span><\/h6>\n<h6 style=\"text-align: right;\"><span style=\"color: #000000;\">Cuivre<\/span><\/h6>\n<p>[\/et_pb_text][\/et_pb_column][et_pb_column type=&#8221;1_2&#8243; _builder_version=&#8221;4.17.4&#8243; _module_preset=&#8221;default&#8221; global_colors_info=&#8221;{}&#8221;][et_pb_image src=&#8221;https:\/\/nexointeriores.com\/wp-content\/uploads\/2022\/06\/04-IMG-NEXO-COCINAS-SANTOS.jpg&#8221; title_text=&#8221; &#8221; _builder_version=&#8221;4.17.4&#8243; _module_preset=&#8221;default&#8221; custom_padding=&#8221;|||111px||&#8221; global_colors_info=&#8221;{}&#8221;][\/et_pb_image][et_pb_text _builder_version=&#8221;4.17.4&#8243; _module_preset=&#8221;default&#8221; header_6_font_size=&#8221;12px&#8221; global_colors_info=&#8221;{}&#8221;]<\/p>\n<h6 style=\"text-align: right;\"><span style=\"color: #000000;\">Cr\u00e9dence Cuisine<\/span><\/h6>\n<h6 style=\"text-align: right;\"><span style=\"color: #000000;\">Or<\/span><\/h6>\n<p>[\/et_pb_text][\/et_pb_column][\/et_pb_row][\/et_pb_section][et_pb_section fb_built=&#8221;1&#8243; admin_label=&#8221;Section &#8211; Shop category cta&#8221; _builder_version=&#8221;4.17.4&#8243; background_color=&#8221;rgba(231,223,210,0.61)&#8221; custom_padding=&#8221;0px||||false|false&#8221; top_divider_color=&#8221;#f2e9e3&#8243; top_divider_height=&#8221;30px&#8221; top_divider_repeat=&#8221;1x&#8221; collapsed=&#8221;off&#8221; global_colors_info=&#8221;{}&#8221;][et_pb_row _builder_version=&#8221;4.17.4&#8243; width=&#8221;90%&#8221; max_width=&#8221;100%&#8221; custom_padding=&#8221;||10px|&#8221; global_colors_info=&#8221;{}&#8221;][et_pb_column type=&#8221;4_4&#8243; _builder_version=&#8221;4.16&#8243; custom_padding=&#8221;|||&#8221; global_colors_info=&#8221;{}&#8221; custom_padding__hover=&#8221;|||&#8221;][et_pb_text admin_label=&#8221;Default Header&#8221; module_class=&#8221;default-header&#8221; _builder_version=&#8221;4.17.4&#8243; header_font=&#8221;Playfair Display||||||||&#8221; header_font_size=&#8221;23px&#8221; module_alignment=&#8221;right&#8221; custom_margin=&#8221;||||false|false&#8221; custom_padding=&#8221;||||false|false&#8221; global_colors_info=&#8221;{}&#8221;]<\/p>\n<h1>Projets professionnels avec nos Imprescindibles<\/h1>\n<p>et la collection du Portugal<\/p>\n<p>&nbsp;<\/p>\n<p>[\/et_pb_text][\/et_pb_column][\/et_pb_row][et_pb_row column_structure=&#8221;1_2,1_2&#8243; custom_padding_last_edited=&#8221;on|phone&#8221; _builder_version=&#8221;4.17.4&#8243; _module_preset=&#8221;default&#8221; background_color=&#8221;#d8e4dc&#8221; width=&#8221;80.1%&#8221; width_tablet=&#8221;80.1%&#8221; width_phone=&#8221;80%&#8221; width_last_edited=&#8221;on|phone&#8221; max_width=&#8221;1740px&#8221; max_width_tablet=&#8221;1740px&#8221; max_width_phone=&#8221;2560%&#8221; max_width_last_edited=&#8221;on|phone&#8221; min_height=&#8221;100px&#8221; custom_margin=&#8221;|auto|37px|auto||&#8221; custom_margin_tablet=&#8221;|auto|37px|auto||&#8221; custom_margin_phone=&#8221;|auto|-7px|auto|false|false&#8221; custom_margin_last_edited=&#8221;on|phone&#8221; custom_padding=&#8221;16px||0px|||&#8221; custom_padding_tablet=&#8221;16px||0px|||&#8221; custom_padding_phone=&#8221;0px||0px||false|false&#8221; global_colors_info=&#8221;{}&#8221;][et_pb_column type=&#8221;1_2&#8243; _builder_version=&#8221;4.17.4&#8243; _module_preset=&#8221;default&#8221; global_colors_info=&#8221;{}&#8221;][et_pb_text _builder_version=&#8221;4.17.4&#8243; _module_preset=&#8221;default&#8221; width=&#8221;98.2%&#8221; min_height=&#8221;40.8px&#8221; custom_margin=&#8221;||34px|||&#8221; custom_padding=&#8221;32px|3px||4px||&#8221; global_colors_info=&#8221;{}&#8221;]<\/p>\n<p style=\"text-align: center;\">&#8230; donner \u00e0 votre cuisine un aspect spacieux<\/p>\n<p>[\/et_pb_text][\/et_pb_column][et_pb_column type=&#8221;1_2&#8243; _builder_version=&#8221;4.17.4&#8243; _module_preset=&#8221;default&#8221; global_colors_info=&#8221;{}&#8221;][\/et_pb_column][\/et_pb_row][et_pb_row column_structure=&#8221;1_2,1_2&#8243; _builder_version=&#8221;4.17.4&#8243; _module_preset=&#8221;default&#8221; global_colors_info=&#8221;{}&#8221;][et_pb_column type=&#8221;1_2&#8243; _builder_version=&#8221;4.17.4&#8243; _module_preset=&#8221;default&#8221; global_colors_info=&#8221;{}&#8221;][et_pb_image src=&#8221;https:\/\/nexointeriores.com\/wp-content\/uploads\/2022\/06\/06-IMG-NEXO-COCINAS-SANTOS.jpg&#8221; title_text=&#8221; &#8221; align=&#8221;center&#8221; _builder_version=&#8221;4.17.4&#8243; _module_preset=&#8221;default&#8221; width=&#8221;42.9%&#8221; global_colors_info=&#8221;{}&#8221;][\/et_pb_image][\/et_pb_column][et_pb_column type=&#8221;1_2&#8243; _builder_version=&#8221;4.17.4&#8243; _module_preset=&#8221;default&#8221; global_colors_info=&#8221;{}&#8221;][et_pb_image src=&#8221;https:\/\/nexointeriores.com\/wp-content\/uploads\/2022\/06\/05-IMG-NEXO-COCINAS-SANTOS.jpg&#8221; title_text=&#8221; &#8221; _builder_version=&#8221;4.17.4&#8243; _module_preset=&#8221;default&#8221; custom_margin=&#8221;-127px|||||&#8221; custom_margin_tablet=&#8221;-127px|||||&#8221; custom_margin_phone=&#8221;0px||||false|false&#8221; custom_margin_last_edited=&#8221;on|phone&#8221; custom_padding=&#8221;|163px||||&#8221; custom_padding_tablet=&#8221;|163px||||&#8221; custom_padding_phone=&#8221;|0px|||false|false&#8221; custom_padding_last_edited=&#8221;on|phone&#8221; global_colors_info=&#8221;{}&#8221;][\/et_pb_image][\/et_pb_column][\/et_pb_row][et_pb_row _builder_version=&#8221;4.17.4&#8243; _module_preset=&#8221;default&#8221; global_colors_info=&#8221;{}&#8221;][et_pb_column type=&#8221;4_4&#8243; _builder_version=&#8221;4.17.4&#8243; _module_preset=&#8221;default&#8221; global_colors_info=&#8221;{}&#8221;][et_pb_image src=&#8221;https:\/\/nexointeriores.com\/wp-content\/uploads\/2022\/07\/044_02_imprescindibles_LR-7.jpg&#8221; title_text=&#8221;044_02_imprescindibles_LR-7&#8243; align=&#8221;center&#8221; _builder_version=&#8221;4.17.4&#8243; _module_preset=&#8221;default&#8221; width=&#8221;79.8%&#8221; global_colors_info=&#8221;{}&#8221;][\/et_pb_image][\/et_pb_column][\/et_pb_row][et_pb_row disabled_on=&#8221;on|on|off&#8221; _builder_version=&#8221;4.17.4&#8243; _module_preset=&#8221;default&#8221; custom_margin=&#8221;|auto|230px|auto||&#8221; custom_margin_tablet=&#8221;|auto|230px|auto||&#8221; custom_margin_phone=&#8221;|auto|135px|auto|false|false&#8221; custom_margin_last_edited=&#8221;on|phone&#8221; global_colors_info=&#8221;{}&#8221;][et_pb_column type=&#8221;4_4&#8243; _builder_version=&#8221;4.17.4&#8243; _module_preset=&#8221;default&#8221; global_colors_info=&#8221;{}&#8221;][\/et_pb_column][\/et_pb_row][et_pb_row column_structure=&#8221;1_2,1_2&#8243; _builder_version=&#8221;4.17.4&#8243; _module_preset=&#8221;default&#8221; background_color=&#8221;#d8e4dc&#8221; min_height=&#8221;117.8px&#8221; custom_padding=&#8221;16px||6px|||&#8221; global_colors_info=&#8221;{}&#8221;][et_pb_column type=&#8221;1_2&#8243; _builder_version=&#8221;4.17.4&#8243; _module_preset=&#8221;default&#8221; global_colors_info=&#8221;{}&#8221;][et_pb_image src=&#8221;https:\/\/nexointeriores.com\/wp-content\/uploads\/2022\/06\/08-IMG-NEXO-COCINAS-SANTOS.jpg&#8221; title_text=&#8221; &#8221; _builder_version=&#8221;4.17.4&#8243; _module_preset=&#8221;default&#8221; width=&#8221;74.1%&#8221; custom_margin=&#8221;-245px||34px|||&#8221; custom_margin_tablet=&#8221;-245px||34px|||&#8221; custom_margin_phone=&#8221;0px||0px||false|false&#8221; custom_margin_last_edited=&#8221;on|phone&#8221; custom_padding=&#8221;|57px|0px|57px||&#8221; custom_padding_tablet=&#8221;|57px|0px|57px||&#8221; custom_padding_phone=&#8221;|0px|0px|0px|false|false&#8221; custom_padding_last_edited=&#8221;on|phone&#8221; global_colors_info=&#8221;{}&#8221;][\/et_pb_image][\/et_pb_column][et_pb_column type=&#8221;1_2&#8243; _builder_version=&#8221;4.17.4&#8243; _module_preset=&#8221;default&#8221; global_colors_info=&#8221;{}&#8221;][et_pb_text _builder_version=&#8221;4.17.4&#8243; _module_preset=&#8221;default&#8221; width=&#8221;95.7%&#8221; min_height=&#8221;49.8px&#8221; custom_margin=&#8221;27px|-146px||-128px||&#8221; custom_margin_tablet=&#8221;27px|-146px||-128px||&#8221; custom_margin_phone=&#8221;0px|0px||0px|false|false&#8221; custom_margin_last_edited=&#8221;on|phone&#8221; custom_padding=&#8221;0px|3px|29px|110px||&#8221; custom_padding_tablet=&#8221;0px|3px|29px|110px||&#8221; custom_padding_phone=&#8221;0px|0px|29px|14px|false|false&#8221; custom_padding_last_edited=&#8221;on|phone&#8221; global_colors_info=&#8221;{}&#8221;]<\/p>\n<p>&#8230; donner de l&#8217;\u00e9l\u00e9gance et une touche de style \u00e0 votre cuisine<\/p>\n<p>[\/et_pb_text][\/et_pb_column][\/et_pb_row][et_pb_row column_structure=&#8221;1_3,1_3,1_3&#8243; disabled_on=&#8221;off|off|off&#8221; _builder_version=&#8221;4.18.0&#8243; _module_preset=&#8221;default&#8221; hover_enabled=&#8221;0&#8243; global_colors_info=&#8221;{}&#8221; sticky_enabled=&#8221;0&#8243;][et_pb_column type=&#8221;1_3&#8243; _builder_version=&#8221;4.17.4&#8243; _module_preset=&#8221;default&#8221; global_colors_info=&#8221;{}&#8221;][et_pb_image src=&#8221;https:\/\/nexointeriores.com\/wp-content\/uploads\/2022\/06\/09-IMG-NEXO-COCINAS-SANTOS.jpg&#8221; title_text=&#8221; &#8221; align=&#8221;center&#8221; module_class=&#8221;InspiracionProfesionales_11&#8243; _builder_version=&#8221;4.18.0&#8243; _module_preset=&#8221;default&#8221; width=&#8221;60.5%&#8221; width_tablet=&#8221;60.5%&#8221; width_phone=&#8221;100%&#8221; width_last_edited=&#8221;on|phone&#8221; custom_margin=&#8221;117px|||98px||&#8221; custom_margin_tablet=&#8221;117px|||98px||&#8221; custom_margin_phone=&#8221;15px|||-1px|false|false&#8221; custom_margin_last_edited=&#8221;on|phone&#8221; custom_padding=&#8221;|||0px||&#8221; global_colors_info=&#8221;{}&#8221;][\/et_pb_image][\/et_pb_column][et_pb_column type=&#8221;1_3&#8243; _builder_version=&#8221;4.17.4&#8243; _module_preset=&#8221;default&#8221; global_colors_info=&#8221;{}&#8221;][et_pb_image src=&#8221;https:\/\/nexointeriores.com\/wp-content\/uploads\/2022\/06\/10-IMG-NEXO-COCINAS-SANTOS.jpg&#8221; title_text=&#8221; &#8221; module_class=&#8221;InspiracionProfesionales_11&#8243; _builder_version=&#8221;4.18.0&#8243; _module_preset=&#8221;default&#8221; width=&#8221;53.2%&#8221; width_tablet=&#8221;53.2%&#8221; width_phone=&#8221;100%&#8221; width_last_edited=&#8221;on|phone&#8221; custom_padding=&#8221;|0px||||&#8221; global_colors_info=&#8221;{}&#8221;][\/et_pb_image][et_pb_text _builder_version=&#8221;4.17.4&#8243; _module_preset=&#8221;default&#8221; header_6_font_size=&#8221;12px&#8221; width=&#8221;53.2%&#8221; width_tablet=&#8221;53.2%&#8221; width_phone=&#8221;100%&#8221; width_last_edited=&#8221;on|phone&#8221; global_colors_info=&#8221;{}&#8221;]<\/p>\n<h6 style=\"text-align: right; padding-left: 80px;\"><span style=\"color: #000000;\">Cr\u00e9dence Cuisine <\/span><\/h6>\n<h6 style=\"text-align: right; padding-left: 80px;\"><span style=\"color: #000000;\">Avan\u00e7a<\/span><\/h6>\n<p>[\/et_pb_text][\/et_pb_column][et_pb_column type=&#8221;1_3&#8243; _builder_version=&#8221;4.17.4&#8243; _module_preset=&#8221;default&#8221; global_colors_info=&#8221;{}&#8221;][et_pb_image src=&#8221;https:\/\/nexointeriores.com\/wp-content\/uploads\/2022\/06\/11-IMG-NEXO-COCINAS-SANTOS.jpg&#8221; title_text=&#8221; &#8221; module_class=&#8221;InspiracionProfesionales_11&#8243; _builder_version=&#8221;4.18.0&#8243; _module_preset=&#8221;default&#8221; custom_margin=&#8221;|||-106px||&#8221; custom_margin_tablet=&#8221;|||-106px||&#8221; custom_margin_phone=&#8221;|||0px|false|false&#8221; custom_margin_last_edited=&#8221;on|phone&#8221; global_colors_info=&#8221;{}&#8221;][\/et_pb_image][et_pb_text _builder_version=&#8221;4.17.4&#8243; _module_preset=&#8221;default&#8221; header_6_font_size=&#8221;12px&#8221; global_colors_info=&#8221;{}&#8221;]<\/p>\n<h6 style=\"text-align: right;\"><span style=\"color: #000000;\">Cr\u00e9dence Cuisine <\/span><\/h6>\n<h6 style=\"text-align: right;\"><span style=\"color: #000000;\">Avan\u00e7a<\/span><\/h6>\n<p>[\/et_pb_text][\/et_pb_column][\/et_pb_row][et_pb_row column_structure=&#8221;1_3,1_3,1_3&#8243; disabled_on=&#8221;off|off|off&#8221; module_class=&#8221;InspiracionProfesionales_12&#8243; _builder_version=&#8221;4.18.0&#8243; _module_preset=&#8221;default&#8221; hover_enabled=&#8221;0&#8243; global_colors_info=&#8221;{}&#8221; sticky_enabled=&#8221;0&#8243;][et_pb_column type=&#8221;1_3&#8243; _builder_version=&#8221;4.17.4&#8243; _module_preset=&#8221;default&#8221; global_colors_info=&#8221;{}&#8221;][et_pb_image src=&#8221;https:\/\/nexointeriores.com\/wp-content\/uploads\/2022\/06\/12-IMG-NEXO-COCINAS-SANTOS.jpg&#8221; title_text=&#8221; &#8221; module_class=&#8221;InspiracionProfesionales_12&#8243; _builder_version=&#8221;4.18.0&#8243; _module_preset=&#8221;default&#8221; custom_margin=&#8221;|-172px||2px||&#8221; custom_margin_tablet=&#8221;|-172px||2px||&#8221; custom_margin_phone=&#8221;|0px||0px|false|false&#8221; custom_margin_last_edited=&#8221;on|phone&#8221; global_colors_info=&#8221;{}&#8221;][\/et_pb_image][et_pb_text _builder_version=&#8221;4.17.4&#8243; _module_preset=&#8221;default&#8221; header_6_font_size=&#8221;12px&#8221; width=&#8221;100%&#8221; custom_margin=&#8221;|60px||176px||&#8221; custom_margin_tablet=&#8221;|60px||176px||&#8221; custom_margin_phone=&#8221;|0px||0px|false|false&#8221; custom_margin_last_edited=&#8221;on|phone&#8221; custom_padding=&#8221;|0px|19px|||&#8221; global_colors_info=&#8221;{}&#8221;]<\/p>\n<h6 style=\"text-align: right; padding-left: 80px;\">Cr\u00e9dence Cuisine<\/h6>\n<h6 style=\"text-align: right; padding-left: 80px;\">Bois Plage Vintage<\/h6>\n<p>[\/et_pb_text][\/et_pb_column][et_pb_column type=&#8221;1_3&#8243; _builder_version=&#8221;4.17.4&#8243; _module_preset=&#8221;default&#8221; global_colors_info=&#8221;{}&#8221;][et_pb_image src=&#8221;https:\/\/nexointeriores.com\/wp-content\/uploads\/2022\/06\/13-IMG-NEXO-COCINAS-SANTOS.jpg&#8221; title_text=&#8221; &#8221; align=&#8221;right&#8221; module_class=&#8221;InspiracionProfesionales_12&#8243; _builder_version=&#8221;4.18.0&#8243; _module_preset=&#8221;default&#8221; width=&#8221;50.6%&#8221; width_tablet=&#8221;50.6%&#8221; width_phone=&#8221;100%&#8221; width_last_edited=&#8221;on|phone&#8221; custom_margin=&#8221;|-97px||331px||&#8221; custom_margin_tablet=&#8221;|-97px||331px||&#8221; custom_margin_phone=&#8221;|0px||0px|false|false&#8221; custom_margin_last_edited=&#8221;on|phone&#8221; global_colors_info=&#8221;{}&#8221;][\/et_pb_image][\/et_pb_column][et_pb_column type=&#8221;1_3&#8243; _builder_version=&#8221;4.17.4&#8243; _module_preset=&#8221;default&#8221; global_colors_info=&#8221;{}&#8221;][et_pb_image src=&#8221;https:\/\/nexointeriores.com\/wp-content\/uploads\/2022\/06\/14-IMG-NEXO-COCINAS-SANTOS.jpg&#8221; title_text=&#8221; &#8221; align=&#8221;right&#8221; module_class=&#8221;InspiracionProfesionales_12&#8243; _builder_version=&#8221;4.18.0&#8243; _module_preset=&#8221;default&#8221; width=&#8221;47.5%&#8221; width_tablet=&#8221;47.5%&#8221; width_phone=&#8221;100%&#8221; width_last_edited=&#8221;on|phone&#8221; custom_margin_tablet=&#8221;&#8221; custom_margin_phone=&#8221;0px|||0px|false|false&#8221; custom_margin_last_edited=&#8221;on|phone&#8221; custom_padding=&#8221;|0px||||&#8221; custom_padding_tablet=&#8221;|0px||||&#8221; custom_padding_phone=&#8221;0px|||0px|false|false&#8221; custom_padding_last_edited=&#8221;on|phone&#8221; global_colors_info=&#8221;{}&#8221;][\/et_pb_image][et_pb_text _builder_version=&#8221;4.17.4&#8243; _module_preset=&#8221;default&#8221; header_6_font_size=&#8221;12px&#8221; min_height=&#8221;40.6px&#8221; custom_padding=&#8221;||0px|||&#8221; global_colors_info=&#8221;{}&#8221;]<\/p>\n<h6 style=\"padding-left: 80px; text-align: right;\"><span style=\"color: #000000;\">Cr\u00e9dence Cuisine<\/span><\/h6>\n<h6 style=\"padding-left: 80px; text-align: right;\"><span style=\"color: #000000;\">Bois Plage Vintage<\/span><\/h6>\n<p>[\/et_pb_text][\/et_pb_column][\/et_pb_row][et_pb_row column_structure=&#8221;1_3,1_3,1_3&#8243; disabled_on=&#8221;off|off|off&#8221; _builder_version=&#8221;4.18.0&#8243; _module_preset=&#8221;default&#8221; hover_enabled=&#8221;0&#8243; global_colors_info=&#8221;{}&#8221; sticky_enabled=&#8221;0&#8243;][et_pb_column type=&#8221;1_3&#8243; _builder_version=&#8221;4.17.4&#8243; _module_preset=&#8221;default&#8221; global_colors_info=&#8221;{}&#8221;][et_pb_image src=&#8221;https:\/\/nexointeriores.com\/wp-content\/uploads\/2022\/06\/15-IMG-NEXO-COCINAS-SANTOS.jpg&#8221; title_text=&#8221; &#8221; module_class=&#8221;InspiracionProfesionales_15&#8243; _builder_version=&#8221;4.18.0&#8243; _module_preset=&#8221;default&#8221; global_colors_info=&#8221;{}&#8221;][\/et_pb_image][et_pb_text _builder_version=&#8221;4.17.4&#8243; _module_preset=&#8221;default&#8221; header_6_font_size=&#8221;12px&#8221; global_colors_info=&#8221;{}&#8221;]<\/p>\n<h6 style=\"text-align: right; padding-left: 80px;\"><span style=\"color: #000000;\">Cr\u00e9dence Cuisine<\/span><\/h6>\n<h6 style=\"text-align: right; padding-left: 80px;\"><span style=\"color: #000000;\">Torres Vedras Cramoisi<\/span><\/h6>\n<p>[\/et_pb_text][\/et_pb_column][et_pb_column type=&#8221;1_3&#8243; _builder_version=&#8221;4.17.4&#8243; _module_preset=&#8221;default&#8221; global_colors_info=&#8221;{}&#8221;][et_pb_image src=&#8221;https:\/\/nexointeriores.com\/wp-content\/uploads\/2022\/06\/16-IMG-NEXO-COCINAS-SANTOS.jpg&#8221; title_text=&#8221; &#8221; module_class=&#8221;InspiracionProfesionales_16&#8243; _builder_version=&#8221;4.18.0&#8243; _module_preset=&#8221;default&#8221; global_colors_info=&#8221;{}&#8221;][\/et_pb_image][et_pb_text _builder_version=&#8221;4.17.4&#8243; _module_preset=&#8221;default&#8221; header_6_font_size=&#8221;12px&#8221; global_colors_info=&#8221;{}&#8221;]<\/p>\n<h6 style=\"padding-left: 80px; text-align: right;\"><span style=\"color: #000000;\">Cr\u00e9dence Cuisine<\/span><\/h6>\n<h6 style=\"padding-left: 80px; text-align: right;\"><span style=\"color: #000000;\">Bambou Jaune<\/span><\/h6>\n<p>[\/et_pb_text][\/et_pb_column][et_pb_column type=&#8221;1_3&#8243; _builder_version=&#8221;4.17.4&#8243; _module_preset=&#8221;default&#8221; global_colors_info=&#8221;{}&#8221;][et_pb_image src=&#8221;https:\/\/nexointeriores.com\/wp-content\/uploads\/2022\/06\/17-IMG-NEXO-COCINAS-SANTOS.jpg&#8221; title_text=&#8221; &#8221; module_class=&#8221;InspiracionProfesionales_17&#8243; _builder_version=&#8221;4.18.0&#8243; _module_preset=&#8221;default&#8221; global_colors_info=&#8221;{}&#8221;][\/et_pb_image][et_pb_text _builder_version=&#8221;4.17.4&#8243; _module_preset=&#8221;default&#8221; header_6_font_size=&#8221;12px&#8221; global_colors_info=&#8221;{}&#8221;]<\/p>\n<h6 style=\"text-align: right; padding-left: 80px;\"><span style=\"color: #000000;\">Cr\u00e9dence Cuisine<\/span><\/h6>\n<h6 style=\"text-align: right; padding-left: 80px;\"><span style=\"color: #000000;\">B\u00e9ton bleu<\/span><\/h6>\n<p>[\/et_pb_text][\/et_pb_column][\/et_pb_row][\/et_pb_section]<\/p>\n","protected":false},"excerpt":{"rendered":"<p>La cuisine est probablement la pi\u00e8ce ma\u00eetresse de la maison, et bien s\u00fbr, ses \u00e9quipements sont soumis \u00e0 un travail intense. Lorsque nous concevons une cuisine, nous gardons \u00e0 l&#8217;esprit ce que sera son utilit\u00e9 ou sa qualit\u00e9 fonctionnelle, nous s\u00e9parons les qualit\u00e9s pertinentes des qualit\u00e9s int\u00e9ressantes, la simplification, l&#8217;organisation et la synth\u00e8se des formes [&hellip;]<\/p>\n","protected":false},"author":1,"featured_media":0,"parent":0,"menu_order":0,"comment_status":"closed","ping_status":"closed","template":"","meta":{"_et_pb_use_builder":"on","_et_pb_old_content":"","_et_gb_content_width":"","footnotes":""},"class_list":["post-32537","page","type-page","status-publish","hentry"],"_links":{"self":[{"href":"https:\/\/nexointeriores.com\/fr\/wp-json\/wp\/v2\/pages\/32537","targetHints":{"allow":["GET"]}}],"collection":[{"href":"https:\/\/nexointeriores.com\/fr\/wp-json\/wp\/v2\/pages"}],"about":[{"href":"https:\/\/nexointeriores.com\/fr\/wp-json\/wp\/v2\/types\/page"}],"author":[{"embeddable":true,"href":"https:\/\/nexointeriores.com\/fr\/wp-json\/wp\/v2\/users\/1"}],"replies":[{"embeddable":true,"href":"https:\/\/nexointeriores.com\/fr\/wp-json\/wp\/v2\/comments?post=32537"}],"version-history":[{"count":0,"href":"https:\/\/nexointeriores.com\/fr\/wp-json\/wp\/v2\/pages\/32537\/revisions"}],"wp:attachment":[{"href":"https:\/\/nexointeriores.com\/fr\/wp-json\/wp\/v2\/media?parent=32537"}],"curies":[{"name":"wp","href":"https:\/\/api.w.org\/{rel}","templated":true}]}}